{"id":2459,"date":"2026-02-16T14:16:02","date_gmt":"2026-02-16T13:16:02","guid":{"rendered":"https:\/\/nocallarem.org\/no-callarem-documentary\/"},"modified":"2026-02-16T15:30:14","modified_gmt":"2026-02-16T14:30:14","slug":"no-callarem-documentary","status":"publish","type":"page","link":"https:\/\/nocallarem.org\/en\/no-callarem-documentary\/","title":{"rendered":"NO CALLAREM Documentary"},"content":{"rendered":"<p>[et_pb_section fb_built=&#8221;1&#8243; _builder_version=&#8221;4.27.4&#8243; _module_preset=&#8221;default&#8221; custom_margin=&#8221;0px||0px||true|false&#8221; custom_padding=&#8221;0px||0px||true|false&#8221; global_colors_info=&#8221;{}&#8221;][et_pb_row column_structure=&#8221;1_2,1_2&#8243; make_equal=&#8221;on&#8221; _builder_version=&#8221;4.27.4&#8243; _module_preset=&#8221;default&#8221; width=&#8221;80.3%&#8221; global_colors_info=&#8221;{}&#8221;][et_pb_column type=&#8221;1_2&#8243; _builder_version=&#8221;4.27.4&#8243; _module_preset=&#8221;default&#8221; global_colors_info=&#8221;{}&#8221;][et_pb_text _builder_version=&#8221;4.27.5&#8243; _module_preset=&#8221;default&#8221; header_font=&#8221;Hind|700|||||||&#8221; header_text_color=&#8221;#000000&#8243; header_line_height=&#8221;1.2em&#8221; custom_margin=&#8221;0px||0px||true|false&#8221; custom_padding=&#8221;0px||0px||true|false&#8221; global_colors_info=&#8221;{}&#8221;]<\/p>\n<h1 style=\"text-align: left;\">No callarem, a film for freedom<\/h1>\n<p>[\/et_pb_text][et_pb_text _builder_version=&#8221;4.27.5&#8243; _module_preset=&#8221;default&#8221; text_font=&#8221;&#8211;et_global_heading_font||||||||&#8221; custom_padding=&#8221;10px||||false|false&#8221; global_colors_info=&#8221;{}&#8221;]<\/p>\n<p data-start=\"47\" data-end=\"254\"><strong data-start=\"47\" data-end=\"62\">No callarem<\/strong> is a documentary that focuses on the story of three young musicians who have become the visible faces of the persecution of freedom of expression in the artistic context in the Spanish State.<\/p>\n<p><\/p>\n<p data-start=\"256\" data-end=\"501\">The lyrics of Pablo Has\u00e9l, Valt\u00f2nyc and Elgio were not only condemned by an unjust and vindictive judicial system, but also turned these three artists into victims of a media fabrication that portrayed them as criminals and enemies of democracy.<\/p>\n<p><\/p>\n<p data-start=\"503\" data-end=\"826\"><strong data-start=\"503\" data-end=\"518\">No callarem<\/strong> approaches, from both a personal and an artistic perspective, the experiences that led Elgio, Pablo Has\u00e9l and Valt\u00f2nyc to become political targets of repression, as well as the consequences that repression has had on their lives, whether through disqualification from public activity, exile or imprisonment.<\/p>\n<p><\/p>\n<p data-start=\"828\" data-end=\"1427\">The documentary reconstructs the three cases through conversations between them and three singers: Ana Tijoux speaks with Valt\u00f2nyc from exile; the letters written by Pablo Has\u00e9l to Bittah (Tribade) from prison are shared; and Elgio\u2019s story as a member of La Insurgencia is retraced together with Yolanda Sey. The film also includes the only interview that has been recorded with Pablo Has\u00e9l in Ponent prison in Lleida. All of this is accompanied by a unique soundtrack in which artists from the current music scene reinterpret the convicted lyrics to create new songs in a variety of musical styles.<\/p>\n<p>[\/et_pb_text][\/et_pb_column][et_pb_column type=&#8221;1_2&#8243; module_class=&#8221;columna-flexible-foto&#8221; _builder_version=&#8221;4.27.4&#8243; _module_preset=&#8221;default&#8221; background_enable_color=&#8221;off&#8221; background_enable_image=&#8221;off&#8221; custom_css_free_form=&#8221;.columna-flexible-home {||    display: flex;||    flex-direction: column;||    justify-content: flex-start; \/* Mueve el contenido al final *\/||}&#8221; global_colors_info=&#8221;{}&#8221;][et_pb_image src=&#8221;https:\/\/nocallarem.org\/wp-content\/uploads\/2026\/02\/no-callarem-documental.webp&#8221; alt=&#8221;No Callarem, a film for freedom&#8221; title_text=&#8221;no-callarem-documentary&#8221; align=&#8221;center&#8221; force_fullwidth=&#8221;on&#8221; _builder_version=&#8221;4.27.5&#8243; _module_preset=&#8221;default&#8221; custom_margin=&#8221;0px||10px||false|false&#8221; global_colors_info=&#8221;{}&#8221;][\/et_pb_image][et_pb_text _builder_version=&#8221;4.27.5&#8243; _module_preset=&#8221;default&#8221; hover_enabled=&#8221;0&#8243; sticky_enabled=&#8221;0&#8243;]<\/p>\n<p><a href=\"https:\/\/www.youtube.com\/watch?v=5WKTNtuCeM0\" target=\"_blank\" rel=\"noopener\"><strong>Watch the documentary trailer<\/strong><\/a> (YouTube)<\/p>\n<p>[\/et_pb_text][\/et_pb_column][\/et_pb_row][\/et_pb_section][et_pb_section fb_built=&#8221;1&#8243; _builder_version=&#8221;4.27.4&#8243; _module_preset=&#8221;default&#8221; custom_margin=&#8221;0px||0px||true|false&#8221; custom_padding=&#8221;20px||0px||false|false&#8221; global_colors_info=&#8221;{}&#8221;][et_pb_row _builder_version=&#8221;4.27.4&#8243; _module_preset=&#8221;default&#8221; custom_margin=&#8221;0px||0px||true|false&#8221; custom_padding=&#8221;1px||1px||true|false&#8221; global_colors_info=&#8221;{}&#8221;][et_pb_column type=&#8221;4_4&#8243; _builder_version=&#8221;4.27.4&#8243; _module_preset=&#8221;default&#8221; global_colors_info=&#8221;{}&#8221;][et_pb_text _builder_version=&#8221;4.27.4&#8243; _module_preset=&#8221;default&#8221; header_font=&#8221;Hind|700|||||||&#8221; header_text_color=&#8221;#000000&#8243; header_line_height=&#8221;1.2em&#8221; custom_margin=&#8221;0px||0px||true|false&#8221; custom_padding=&#8221;0px||0px||true|false&#8221; global_colors_info=&#8221;{}&#8221;]<\/p>\n<h2 style=\"text-align: left;\">The facts<\/h2>\n<p>[\/et_pb_text][\/et_pb_column][\/et_pb_row][\/et_pb_section][et_pb_section fb_built=&#8221;1&#8243; _builder_version=&#8221;4.27.4&#8243; _module_preset=&#8221;default&#8221; custom_margin=&#8221;0px||0px||true|false&#8221; custom_padding=&#8221;0px||20px||false|false&#8221; global_colors_info=&#8221;{}&#8221;][et_pb_row _builder_version=&#8221;4.27.4&#8243; _module_preset=&#8221;default&#8221; custom_margin=&#8221;0px||0px||true|false&#8221; custom_padding=&#8221;0px||0px||true|false&#8221; global_colors_info=&#8221;{}&#8221;][et_pb_column type=&#8221;4_4&#8243; _builder_version=&#8221;4.27.4&#8243; _module_preset=&#8221;default&#8221; global_colors_info=&#8221;{}&#8221;][et_pb_text _builder_version=&#8221;4.27.5&#8243; _module_preset=&#8221;default&#8221; text_font=&#8221;&#8211;et_global_heading_font||||||||&#8221; custom_padding=&#8221;10px||||false|false&#8221; global_colors_info=&#8221;{}&#8221;]<\/p>\n<p data-start=\"47\" data-end=\"414\">Pablo Has\u00e9l, Valt\u00f2nyc and Elgio shared a similar life story: from a very young age they developed a need to denounce injustices and expose the abuses and violence carried out by the State, the police forces and, especially, the Spanish Crown. Rap music would become their way of doing so, but the persecution they faced was beyond anything anyone could have imagined:<\/p>\n<p><\/p>\n<p data-start=\"416\" data-end=\"649\">In June 2020, Elgio and the eleven members of La Insurgencia were sentenced to six months in prison, a term they will not have to serve as long as they do not receive further convictions amounting to a total of two years and one day.<\/p>\n<p><\/p>\n<p data-start=\"651\" data-end=\"995\">In May 2022, the Belgian courts rejected the extradition of Josep Valt\u00f2nyc, even though Spain was seeking a total sentence of ten and a half years in prison for insulting the Crown, making threats and glorifying terrorism. During this period he received more than 500 death threats, which forced him to change his place of residence repeatedly.<\/p>\n<p><\/p>\n<p data-start=\"997\" data-end=\"1334\">At the time of filming, Pablo Has\u00e9l was serving a prison sentence of two years and one month. In July 2022 this increased to a total of seven and a half years of effective imprisonment. Pablo\u2019s mother is facing criminal proceedings for demonstrating in support of her son, as are many other members of his close circle and support group.<\/p>\n<p><\/p>\n<p data-start=\"1336\" data-end=\"1453\">In 2019, the Spanish State became the country in the world with the highest number of artists given prison sentences.<\/p>\n<p><\/p>\n<p data-start=\"1455\" data-end=\"1666\">The Council of Europe has repeatedly urged Spain to amend its legislation on the glorification of terrorism and insults to the Crown, arguing that it should not interfere with the right to freedom of expression.<\/p>\n<p><\/p>\n<p data-start=\"1668\" data-end=\"1792\">In October 2021, the Belgian Constitutional Court abolished its law on insulting the Crown as a result of the Valt\u00f2nyc case.<\/p>\n<p><\/p>\n<p data-start=\"1794\" data-end=\"2005\">In February 2026, Pablo Has\u00e9l completed five years in prison. Professors from 95 universities in 25 countries signed a manifesto demanding the artist\u2019s release and proposing his candidacy for the Sakharov Prize.<\/p>\n<p>[\/et_pb_text][\/et_pb_column][\/et_pb_row][\/et_pb_section][et_pb_section fb_built=&#8221;1&#8243; _builder_version=&#8221;4.27.4&#8243; _module_preset=&#8221;default&#8221; custom_margin=&#8221;0px||0px||true|false&#8221; custom_padding=&#8221;20px||0px||false|false&#8221; global_colors_info=&#8221;{}&#8221;][et_pb_row _builder_version=&#8221;4.27.4&#8243; _module_preset=&#8221;default&#8221; custom_margin=&#8221;0px||0px||true|false&#8221; custom_padding=&#8221;0px||0px||true|false&#8221; global_colors_info=&#8221;{}&#8221;][et_pb_column type=&#8221;4_4&#8243; _builder_version=&#8221;4.27.4&#8243; _module_preset=&#8221;default&#8221; global_colors_info=&#8221;{}&#8221;][et_pb_text _builder_version=&#8221;4.27.4&#8243; _module_preset=&#8221;default&#8221; header_font=&#8221;Hind|700|||||||&#8221; header_text_color=&#8221;#000000&#8243; header_line_height=&#8221;1.2em&#8221; custom_margin=&#8221;0px||0px||true|false&#8221; custom_padding=&#8221;0px||0px||true|false&#8221; global_colors_info=&#8221;{}&#8221;]<\/p>\n<h2 style=\"text-align: left;\">Production<\/h2>\n<p>[\/et_pb_text][\/et_pb_column][\/et_pb_row][\/et_pb_section][et_pb_section fb_built=&#8221;1&#8243; _builder_version=&#8221;4.27.4&#8243; _module_preset=&#8221;default&#8221; custom_margin=&#8221;0px||0px||true|false&#8221; custom_padding=&#8221;0px||20px||false|false&#8221; global_colors_info=&#8221;{}&#8221;][et_pb_row _builder_version=&#8221;4.27.4&#8243; _module_preset=&#8221;default&#8221; custom_margin=&#8221;0px||0px||true|false&#8221; custom_padding=&#8221;0px||0px||true|false&#8221; global_colors_info=&#8221;{}&#8221;][et_pb_column type=&#8221;4_4&#8243; _builder_version=&#8221;4.27.4&#8243; _module_preset=&#8221;default&#8221; global_colors_info=&#8221;{}&#8221;][et_pb_text _builder_version=&#8221;4.27.5&#8243; _module_preset=&#8221;default&#8221; text_font=&#8221;&#8211;et_global_heading_font||||||||&#8221; custom_padding=&#8221;10px||||false|false&#8221; global_colors_info=&#8221;{}&#8221;]<\/p>\n<p data-start=\"47\" data-end=\"262\">After raising their voices through concerts, demonstrations and urban art, the citizens\u2019 platform No Callarem and the audiovisual production company Bruna launched a creative process for the making of a documentary.<\/p>\n<p><\/p>\n<p data-start=\"264\" data-end=\"679\">Bruna is a cooperative dedicated to telling stories through audiovisual media. They work according to the principles of the social and solidarity economy, prioritising people and their needs over capital. They are committed to an audiovisual approach with a critical perspective, capable of giving a voice to those who do not have one, offering imaginaries based on respect and the celebration of diverse realities.<\/p>\n<p><\/p>\n<p data-start=\"681\" data-end=\"1056\">For its production, a Verkami crowdfunding campaign was launched under the title <em data-start=\"762\" data-end=\"772\">Art. 490<\/em>, although the final title chosen was <em data-start=\"810\" data-end=\"823\">No Callarem<\/em>. The project received the support of the radio programme <em data-start=\"881\" data-end=\"894\">Carne Cruda<\/em>, a critical radio show and podcast that brings together innovative culture, social activism, politics and current affairs, directed and hosted by Javier Gallego.<\/p>\n<p>[\/et_pb_text][\/et_pb_column][\/et_pb_row][\/et_pb_section][et_pb_section fb_built=&#8221;1&#8243; _builder_version=&#8221;4.27.4&#8243; _module_preset=&#8221;default&#8221; custom_margin=&#8221;0px||0px||true|false&#8221; custom_padding=&#8221;20px||0px||false|false&#8221; global_colors_info=&#8221;{}&#8221;][et_pb_row _builder_version=&#8221;4.27.4&#8243; _module_preset=&#8221;default&#8221; custom_margin=&#8221;0px||0px||true|false&#8221; custom_padding=&#8221;0px||0px||true|false&#8221; global_colors_info=&#8221;{}&#8221;][et_pb_column type=&#8221;4_4&#8243; _builder_version=&#8221;4.27.4&#8243; _module_preset=&#8221;default&#8221; global_colors_info=&#8221;{}&#8221;][et_pb_text _builder_version=&#8221;4.27.4&#8243; _module_preset=&#8221;default&#8221; header_font=&#8221;Hind|700|||||||&#8221; header_text_color=&#8221;#000000&#8243; header_line_height=&#8221;1.2em&#8221; custom_margin=&#8221;0px||0px||true|false&#8221; custom_padding=&#8221;0px||0px||true|false&#8221; global_colors_info=&#8221;{}&#8221;]<\/p>\n<h2 style=\"text-align: left;\">Production team<\/h2>\n<p>[\/et_pb_text][\/et_pb_column][\/et_pb_row][\/et_pb_section][et_pb_section fb_built=&#8221;1&#8243; _builder_version=&#8221;4.27.4&#8243; _module_preset=&#8221;default&#8221; custom_margin=&#8221;0px||0px||true|false&#8221; custom_padding=&#8221;20px||20px||true|false&#8221; global_colors_info=&#8221;{}&#8221;][et_pb_row column_structure=&#8221;1_2,1_2&#8243; _builder_version=&#8221;4.27.4&#8243; _module_preset=&#8221;default&#8221; custom_margin=&#8221;0px||0px||true|false&#8221; custom_padding=&#8221;0px||0px||true|false&#8221; global_colors_info=&#8221;{}&#8221;][et_pb_column type=&#8221;1_2&#8243; _builder_version=&#8221;4.27.4&#8243; _module_preset=&#8221;default&#8221; global_colors_info=&#8221;{}&#8221;][et_pb_text _builder_version=&#8221;4.27.5&#8243; _module_preset=&#8221;default&#8221; text_font=&#8221;&#8211;et_global_heading_font||||||||&#8221; custom_padding=&#8221;10px||||false|false&#8221; global_colors_info=&#8221;{}&#8221;]<\/p>\n<p><strong data-start=\"2264\" data-end=\"2274\">Title:<\/strong> No callarem<br data-start=\"2286\" data-end=\"2289\" \/><strong data-start=\"2289\" data-end=\"2299\">Genre:<\/strong> non-fiction, documentary<br data-start=\"2324\" data-end=\"2327\" \/><strong data-start=\"2327\" data-end=\"2344\">Running time:<\/strong> 90\u2019<br data-start=\"2348\" data-end=\"2351\" \/><strong data-start=\"2351\" data-end=\"2371\">Year of release:<\/strong> 2022<br data-start=\"2376\" data-end=\"2379\" \/><strong data-start=\"2379\" data-end=\"2393\">Languages:<\/strong> Catalan and Spanish<br data-start=\"2413\" data-end=\"2416\" \/><strong data-start=\"2416\" data-end=\"2430\">Subtitles:<\/strong> available in Catalan, Spanish and English<br data-start=\"2472\" data-end=\"2475\" data-is-only-node=\"\" \/><strong data-start=\"2475\" data-end=\"2493\">Original idea:<\/strong> Francisco Garc\u00eda Tapia, Adriano Galante, Albert Costa<br data-start=\"2547\" data-end=\"2550\" \/><strong data-start=\"2550\" data-end=\"2567\">Co-directors:<\/strong> Claudia Arribas Villa, Violeta Octavio Roca, Carlos Juan Mart\u00ednez<br data-start=\"2633\" data-end=\"2636\" \/><strong data-start=\"2636\" data-end=\"2651\">Screenplay:<\/strong> Claudia Arribas Villa, Pilar Monsell<br data-start=\"2688\" data-end=\"2691\" \/><strong data-start=\"2691\" data-end=\"2704\">Producer:<\/strong> Francisco Garc\u00eda Tapia<br data-start=\"2727\" data-end=\"2730\" \/><strong data-start=\"2730\" data-end=\"2754\">Executive producers:<\/strong> Albert Costa, Adriano Galante<br data-start=\"2784\" data-end=\"2787\" \/><strong data-start=\"2787\" data-end=\"2815\">Director of photography:<\/strong> Violeta Octavio, Carlos Juan Mart\u00ednez<br data-start=\"2853\" data-end=\"2856\" \/><strong data-start=\"2856\" data-end=\"2868\">Editing:<\/strong> Violeta Octavio Roca, Claudia Arribas Villa<br data-start=\"2912\" data-end=\"2915\" \/><strong data-start=\"2915\" data-end=\"2934\">Filmed in 2018:<\/strong> Ra\u00fal Gallego<br data-start=\"2947\" data-end=\"2950\" \/><strong data-start=\"2950\" data-end=\"2969\">Location sound:<\/strong> Carlos Juan Mart\u00ednez, Pablo Schwarzman, Andr\u00e9s Ja\u00e9n, V\u00edctor Jim\u00e9nez<br data-start=\"3037\" data-end=\"3040\" \/><strong data-start=\"3040\" data-end=\"3083\">Sound engineering and music production:<\/strong> Pablo Schvarzman<br data-start=\"3100\" data-end=\"3103\" \/><strong data-start=\"3103\" data-end=\"3120\">Sound design:<\/strong> Gabriel Cohen<br data-start=\"3134\" data-end=\"3137\" \/><strong data-start=\"3137\" data-end=\"3151\">Colourist:<\/strong> Fabian Matas<br data-start=\"3164\" data-end=\"3167\" \/><strong data-start=\"3167\" data-end=\"3187\">Music direction:<\/strong> Albert Costa, Adriano Galante<br data-start=\"3217\" data-end=\"3220\" \/><strong data-start=\"3220\" data-end=\"3238\">Graphic image:<\/strong> Imprenta Col\u00b7lectiva de Can Batll\u00f3, Borja Lozano<br data-start=\"3287\" data-end=\"3290\" \/><strong data-start=\"3290\" data-end=\"3302\">Country:<\/strong> Spain<\/p>\n<p>[\/et_pb_text][\/et_pb_column][et_pb_column type=&#8221;1_2&#8243; _builder_version=&#8221;4.27.4&#8243; _module_preset=&#8221;default&#8221; global_colors_info=&#8221;{}&#8221;][et_pb_image src=&#8221;https:\/\/nocallarem.org\/wp-content\/uploads\/2026\/02\/fotograma-no-callarem-documental.webp&#8221; alt=&#8221;Still from the documentary No callarem, a film for freedom&#8221; title_text=&#8221;still-from-no-callarem-documentary&#8221; _builder_version=&#8221;4.27.5&#8243; _module_preset=&#8221;default&#8221; custom_margin=&#8221;0px||10px||false|false&#8221; global_colors_info=&#8221;{}&#8221;][\/et_pb_image][et_pb_text module_id=&#8221;texto-foto-home&#8221; _builder_version=&#8221;4.27.4&#8243; _module_preset=&#8221;default&#8221; text_text_color=&#8221;#000000&#8243; text_font_size=&#8221;13px&#8221; text_line_height=&#8221;1.3em&#8221; background_enable_color=&#8221;off&#8221; custom_margin=&#8221;0px|0px|0px|0px|false|true&#8221; custom_padding=&#8221;20px|20px|20px|20px|true|true&#8221; custom_css_free_form=&#8221;#texto-foto-home .et_pb_text_inner p a, #texto-foto-home .et_pb_text_inner p a:link,||#texto-foto-home .et_pb_text_inner p a:visited {||  color: #000 !important;||}&#8221; border_width_all=&#8221;1px&#8221; box_shadow_style=&#8221;preset4&#8243; box_shadow_horizontal=&#8221;5px&#8221; box_shadow_vertical=&#8221;5px&#8221; box_shadow_color=&#8221;#000000&#8243; global_colors_info=&#8221;{}&#8221;]<\/p>\n<div class=\"relative flex-col gap-1 md:gap-3\">\n<div class=\"flex max-w-full flex-col grow\">\n<div class=\"min-h-8 text-message relative flex w-full flex-col items-end gap-2 text-start break-words whitespace-normal [.text-message+&amp;]:mt-5\" dir=\"auto\" data-message-author-role=\"assistant\" data-message-id=\"e5473bdd-859b-4d24-bc2c-c2b421917368\" data-message-model-slug=\"gpt-4o\">\n<div class=\"flex w-full flex-col gap-1 empty:hidden first:pt-[3px]\">\n<div class=\"markdown prose dark:prose-invert w-full break-words dark\">\n<p style=\"text-align: center;\" data-start=\"49\" data-end=\"156\" data-is-last-node=\"\" data-is-only-node=\"\">Still from No callarem, featuring Alba Mart\u00ednez, better known as Bittah, one of the artists participating in the documentary.<\/p>\n<\/div>\n<p><\/div>\n<p><\/div>\n<p><\/div>\n<p><\/div>\n<p><\/p>\n<div class=\"aria-live=polite absolute\">\n<div class=\"flex items-center justify-center\">\u00a0<\/div>\n<p><\/div>\n<p>[\/et_pb_text][\/et_pb_column][\/et_pb_row][\/et_pb_section][et_pb_section fb_built=&#8221;1&#8243; _builder_version=&#8221;4.27.4&#8243; _module_preset=&#8221;default&#8221; custom_margin=&#8221;0px||0px||true|false&#8221; custom_padding=&#8221;20px||0px||false|false&#8221; global_colors_info=&#8221;{}&#8221;][et_pb_row _builder_version=&#8221;4.27.4&#8243; _module_preset=&#8221;default&#8221; custom_margin=&#8221;0px||0px||true|false&#8221; custom_padding=&#8221;0px||0px||true|false&#8221; global_colors_info=&#8221;{}&#8221;][et_pb_column type=&#8221;4_4&#8243; _builder_version=&#8221;4.27.4&#8243; _module_preset=&#8221;default&#8221; global_colors_info=&#8221;{}&#8221;][et_pb_text _builder_version=&#8221;4.27.4&#8243; _module_preset=&#8221;default&#8221; header_font=&#8221;Hind|700|||||||&#8221; header_text_color=&#8221;#000000&#8243; header_line_height=&#8221;1.2em&#8221; custom_margin=&#8221;0px||0px||true|false&#8221; custom_padding=&#8221;0px||0px||true|false&#8221; global_colors_info=&#8221;{}&#8221;]<\/p>\n<h2 style=\"text-align: left;\">Image gallery<\/h2>\n<p>[\/et_pb_text][\/et_pb_column][\/et_pb_row][\/et_pb_section][et_pb_section fb_built=&#8221;1&#8243; _builder_version=&#8221;4.27.4&#8243; _module_preset=&#8221;default&#8221; custom_margin=&#8221;0px||0px||true|false&#8221; custom_padding=&#8221;0px||20px||false|false&#8221; global_colors_info=&#8221;{}&#8221;][et_pb_row _builder_version=&#8221;4.27.4&#8243; _module_preset=&#8221;default&#8221; custom_margin=&#8221;0px||0px||true|false&#8221; custom_padding=&#8221;0px||0px||true|false&#8221; global_colors_info=&#8221;{}&#8221;][et_pb_column type=&#8221;4_4&#8243; _builder_version=&#8221;4.27.4&#8243; _module_preset=&#8221;default&#8221; global_colors_info=&#8221;{}&#8221;][et_pb_text _builder_version=&#8221;4.27.5&#8243; _module_preset=&#8221;default&#8221; text_font=&#8221;&#8211;et_global_heading_font||||||||&#8221; custom_padding=&#8221;10px||||false|false&#8221; global_colors_info=&#8221;{}&#8221;]<\/p>\n<p data-start=\"114\" data-end=\"567\">Below we show some images taken from the documentary:<\/p>\n<p>[\/et_pb_text][\/et_pb_column][\/et_pb_row][et_pb_row _builder_version=&#8221;4.27.4&#8243; _module_preset=&#8221;default&#8221; global_colors_info=&#8221;{}&#8221;][et_pb_column type=&#8221;4_4&#8243; _builder_version=&#8221;4.27.4&#8243; _module_preset=&#8221;default&#8221; global_colors_info=&#8221;{}&#8221;]<\/p>\n<p>[et_pb_gallery gallery_ids=&#8221;2433,2436,2439,2442,2445,2448,2451,2430&#8243; posts_number=&#8221;8&#8243; show_title_and_caption=&#8221;off&#8221; show_pagination=&#8221;off&#8221; _builder_version=&#8221;4.27.5&#8243; _module_preset=&#8221;default&#8221; global_colors_info=&#8221;{}&#8221;][\/et_pb_gallery]<\/p>\n<p>[\/et_pb_column][\/et_pb_row][\/et_pb_section][et_pb_section fb_built=&#8221;1&#8243; _builder_version=&#8221;4.27.4&#8243; _module_preset=&#8221;default&#8221; background_enable_color=&#8221;off&#8221; custom_margin=&#8221;0px||0px||true|false&#8221; custom_padding=&#8221;40px||40px||true|false&#8221; border_width_top=&#8221;1px&#8221; border_color_top=&#8221;#000000&#8243; border_width_bottom=&#8221;1px&#8221; border_color_bottom=&#8221;#000000&#8243; global_colors_info=&#8221;{}&#8221;][et_pb_row column_structure=&#8221;1_2,1_2&#8243; _builder_version=&#8221;4.27.4&#8243; _module_preset=&#8221;default&#8221; custom_margin=&#8221;0px||0px||true|false&#8221; custom_padding=&#8221;0px||0px||true|false&#8221; global_colors_info=&#8221;{}&#8221;][et_pb_column type=&#8221;1_2&#8243; _builder_version=&#8221;4.27.4&#8243; _module_preset=&#8221;default&#8221; global_colors_info=&#8221;{}&#8221;][et_pb_text _builder_version=&#8221;4.27.4&#8243; _module_preset=&#8221;default&#8221; header_font=&#8221;&#8211;et_global_heading_font|700|||||||&#8221; header_text_color=&#8221;#000000&#8243; header_font_size=&#8221;56px&#8221; header_2_font=&#8221;Hind|700|||||||&#8221; header_2_text_color=&#8221;#000000&#8243; header_2_font_size=&#8221;50px&#8221; custom_margin=&#8221;0px||0px||false|false&#8221; custom_padding=&#8221;0px||0px||false|false&#8221; global_colors_info=&#8221;{}&#8221;]<\/p>\n<h2>Subscribe to our newsletter<\/h2>\n<p>[\/et_pb_text][et_pb_text _builder_version=&#8221;4.27.4&#8243; _module_preset=&#8221;default&#8221; global_colors_info=&#8221;{}&#8221;]<\/p>\n<div class=\"relative flex-col gap-1 md:gap-3\">\n<div class=\"flex max-w-full flex-col grow\">\n<div class=\"min-h-8 text-message relative flex w-full flex-col items-end gap-2 text-start break-words whitespace-normal [.text-message+&amp;]:mt-5\" dir=\"auto\" data-message-author-role=\"assistant\" data-message-id=\"58061326-2073-4660-87df-003c01dbc7b8\" data-message-model-slug=\"gpt-4o\">\n<div class=\"flex w-full flex-col gap-1 empty:hidden first:pt-[3px]\">\n<div class=\"markdown prose dark:prose-invert w-full break-words dark\">\n<p data-start=\"52\" data-end=\"249\" data-is-last-node=\"\" data-is-only-node=\"\">We\u2019ll keep you up to date with all the activities, projects, and events we\u2019re involved in. Doing this you also help us raise awareness of our calls for proposals. Thank you very much!<\/p>\n<\/div>\n<p><\/div>\n<p><\/div>\n<p><\/div>\n<p><\/div>\n<p>[\/et_pb_text][\/et_pb_column][et_pb_column type=&#8221;1_2&#8243; _builder_version=&#8221;4.27.4&#8243; _module_preset=&#8221;default&#8221; global_colors_info=&#8221;{}&#8221;][et_pb_text module_id=&#8221;form-boletin&#8221; _builder_version=&#8221;4.27.4&#8243; _module_preset=&#8221;default&#8221; text_font=&#8221;||||||||&#8221; text_text_color=&#8221;#000000&#8243; text_font_size=&#8221;16px&#8221; custom_css_free_form=&#8221;#form-boletin {||  color:#000 !important;||}||#form-boletin .wpcf7-text {||  width: 100%;||  font-size: 16px;||  color: #000;||  background-color: #FFF;||  border-top-color: #FFF;||  border-left-color: #FFF;||  border-right-color: #FFF;||  border-bottom-color: #000;||}||#form-boletin .wpcf7-textarea {||  width: 100%;||  font-size: 16px;||  color: #000;||  max-height: 4em;||  background-color: #FFF;||  border-top-color: #FFF;||  border-left-color: #FFF;||  border-right-color: #FFF;||  border-bottom-color: #000;||}||#form-boletin label {||  padding-top: 40px !important;||  color: #000;||  font-size: 16px;||}||#form-boletin .wpcf7-list-item {||  margin: 0px !important;||}||#form-boletin .wpcf7-list-item span {||  font-size: 12px;||}||||#form-boletin .wpcf7-submit {||  margin-top: 20px;||  padding: 10px 20px !important;||  border: 1px solid #000;||  font-size: 14px;||  text-transform: uppercase;||  background-color: #FFF;||  cursor: pointer;||}&#8221; global_colors_info=&#8221;{}&#8221;]<\/p>\n\n<div class=\"wpcf7 no-js\" id=\"wpcf7-f1948-o1\" lang=\"es-ES\" dir=\"ltr\" data-wpcf7-id=\"1948\">\n<div class=\"screen-reader-response\"><p role=\"status\" aria-live=\"polite\" aria-atomic=\"true\"><\/p> <ul><\/ul><\/div>\n<form action=\"\/en\/wp-json\/wp\/v2\/pages\/2459#wpcf7-f1948-o1\" method=\"post\" class=\"wpcf7-form init\" aria-label=\"Formulario de contacto\" novalidate=\"novalidate\" data-status=\"init\">\n<fieldset class=\"hidden-fields-container\"><input type=\"hidden\" name=\"_wpcf7\" value=\"1948\" \/><input type=\"hidden\" name=\"_wpcf7_version\" value=\"6.1.5\" \/><input type=\"hidden\" name=\"_wpcf7_locale\" value=\"es_ES\" \/><input type=\"hidden\" name=\"_wpcf7_unit_tag\" value=\"wpcf7-f1948-o1\" \/><input type=\"hidden\" name=\"_wpcf7_container_post\" value=\"0\" \/><input type=\"hidden\" name=\"_wpcf7_posted_data_hash\" value=\"\" \/><input type=\"hidden\" name=\"_wpcf7_recaptcha_response\" value=\"\" \/>\n<\/fieldset>\n<p><label> Name:<br \/>\n<span class=\"wpcf7-form-control-wrap\" data-name=\"your-name\"><input size=\"40\" maxlength=\"400\" class=\"wpcf7-form-control wpcf7-text wpcf7-validates-as-required\" autocomplete=\"name\" aria-required=\"true\" aria-invalid=\"false\" value=\"\" type=\"text\" name=\"your-name\" \/><\/span> <\/label>\n<\/p>\n<p><label> Email:<br \/>\n<span class=\"wpcf7-form-control-wrap\" data-name=\"your-email\"><input size=\"40\" maxlength=\"400\" class=\"wpcf7-form-control wpcf7-email wpcf7-validates-as-required wpcf7-text wpcf7-validates-as-email\" autocomplete=\"email\" aria-required=\"true\" aria-invalid=\"false\" value=\"\" type=\"email\" name=\"your-email\" \/><\/span> <\/label>\n<\/p>\n<p><span class=\"wpcf7-form-control-wrap\" data-name=\"acceptance-136\"><span class=\"wpcf7-form-control wpcf7-acceptance\"><span class=\"wpcf7-list-item\"><label><input type=\"checkbox\" name=\"acceptance-136\" value=\"1\" aria-invalid=\"false\" \/><span class=\"wpcf7-list-item-label\">By submitting this form, you agree to this website's <a href=\"https:\/\/nocallarem.org\/en\/privacy-policy\/\" target=\"_blank\">privacy policy<\/a>.<\/span><\/label><\/span><\/span><\/span>\n<\/p>\n<p><input class=\"wpcf7-form-control wpcf7-submit has-spinner\" type=\"submit\" value=\"Send\" \/>\n<\/p><div class=\"wpcf7-response-output\" aria-hidden=\"true\"><\/div>\n<\/form>\n<\/div>\n\n<p>[\/et_pb_text][\/et_pb_column][\/et_pb_row][\/et_pb_section][et_pb_section fb_built=&#8221;1&#8243; _builder_version=&#8221;4.27.4&#8243; _module_preset=&#8221;default&#8221; border_width_bottom=&#8221;1px&#8221; border_color_bottom=&#8221;#000000&#8243; global_colors_info=&#8221;{}&#8221;][et_pb_row _builder_version=&#8221;4.27.4&#8243; _module_preset=&#8221;default&#8221; custom_margin=&#8221;0px||0px||true|false&#8221; custom_padding=&#8221;0px||0px||true|false&#8221; global_colors_info=&#8221;{}&#8221;][et_pb_column type=&#8221;4_4&#8243; _builder_version=&#8221;4.27.4&#8243; _module_preset=&#8221;default&#8221; global_colors_info=&#8221;{}&#8221;][et_pb_text _builder_version=&#8221;4.27.4&#8243; _module_preset=&#8221;default&#8221; header_font=&#8221;&#8211;et_global_heading_font|700|||||||&#8221; header_text_color=&#8221;#000000&#8243; header_font_size=&#8221;56px&#8221; header_2_font=&#8221;Hind|700|||||||&#8221; header_2_text_color=&#8221;#000000&#8243; header_2_font_size=&#8221;50px&#8221; custom_margin=&#8221;0px||0px||false|false&#8221; custom_padding=&#8221;0px||20px||false|false&#8221; global_colors_info=&#8221;{}&#8221;]<\/p>\n<div class=\"relative flex-col gap-1 md:gap-3\">\n<div class=\"flex max-w-full flex-col grow\">\n<div class=\"min-h-8 text-message relative flex w-full flex-col items-end gap-2 text-start break-words whitespace-normal [.text-message+&amp;]:mt-5\" dir=\"auto\" data-message-author-role=\"assistant\" data-message-id=\"4bde5a3f-f213-43a3-a39e-22ca13eab449\" data-message-model-slug=\"gpt-4o\">\n<div class=\"flex w-full flex-col gap-1 empty:hidden first:pt-[3px]\">\n<div class=\"markdown prose dark:prose-invert w-full break-words dark\">\n<p data-start=\"53\" data-end=\"174\" data-is-last-node=\"\" data-is-only-node=\"\">This platform works in a network with numerous entities and organizations that help us in our work.<\/p>\n<\/div>\n<p><\/div>\n<p><\/div>\n<p><\/div>\n<p><\/div>\n<p>[\/et_pb_text][et_pb_text _builder_version=&#8221;4.27.4&#8243; _module_preset=&#8221;default&#8221; header_font=&#8221;&#8211;et_global_heading_font|700|||||||&#8221; header_text_color=&#8221;#000000&#8243; header_font_size=&#8221;56px&#8221; header_2_font=&#8221;Hind|700|||||||&#8221; header_2_text_color=&#8221;#000000&#8243; header_2_font_size=&#8221;50px&#8221; custom_margin=&#8221;0px||0px||false|false&#8221; custom_padding=&#8221;0px||20px||false|false&#8221; global_colors_info=&#8221;{}&#8221;]<\/p>\n<p>With the support of:<\/p>\n<p>[\/et_pb_text][\/et_pb_column][\/et_pb_row][et_pb_row column_structure=&#8221;1_4,1_4,1_4,1_4&#8243; _builder_version=&#8221;4.27.4&#8243; _module_preset=&#8221;default&#8221; custom_margin=&#8221;0px||0px||true|false&#8221; custom_padding=&#8221;0px||0px||true|false&#8221; global_colors_info=&#8221;{}&#8221;][et_pb_column type=&#8221;1_4&#8243; _builder_version=&#8221;4.27.4&#8243; _module_preset=&#8221;default&#8221; global_colors_info=&#8221;{}&#8221;][et_pb_image src=&#8221;https:\/\/nocallarem.org\/wp-content\/uploads\/2025\/01\/logo-ministerio-cultura.png&#8221; title_text=&#8221;logo-ministerio-cultura&#8221; url=&#8221;https:\/\/www.cultura.gob.es\/portada.html&#8221; url_new_window=&#8221;on&#8221; _builder_version=&#8221;4.27.4&#8243; _module_preset=&#8221;default&#8221; global_colors_info=&#8221;{}&#8221;][\/et_pb_image][\/et_pb_column][et_pb_column type=&#8221;1_4&#8243; _builder_version=&#8221;4.27.4&#8243; _module_preset=&#8221;default&#8221; global_colors_info=&#8221;{}&#8221;][et_pb_image src=&#8221;https:\/\/nocallarem.org\/wp-content\/uploads\/2025\/01\/logo-generalitat-igualtat.png&#8221; title_text=&#8221;logo-generalitat-igualtat&#8221; url=&#8221;https:\/\/igualtat.gencat.cat\/ca\/inici&#8221; url_new_window=&#8221;on&#8221; _builder_version=&#8221;4.27.4&#8243; _module_preset=&#8221;default&#8221; global_colors_info=&#8221;{}&#8221;][\/et_pb_image][\/et_pb_column][et_pb_column type=&#8221;1_4&#8243; _builder_version=&#8221;4.27.4&#8243; _module_preset=&#8221;default&#8221; global_colors_info=&#8221;{}&#8221;][et_pb_image src=&#8221;https:\/\/nocallarem.org\/wp-content\/uploads\/2025\/02\/logo-icub.png&#8221; title_text=&#8221;logo-icub&#8221; url=&#8221;https:\/\/www.barcelona.cat&#8221; url_new_window=&#8221;on&#8221; _builder_version=&#8221;4.27.4&#8243; _module_preset=&#8221;default&#8221; global_colors_info=&#8221;{}&#8221;][\/et_pb_image][\/et_pb_column][et_pb_column type=&#8221;1_4&#8243; _builder_version=&#8221;4.27.4&#8243; _module_preset=&#8221;default&#8221; global_colors_info=&#8221;{}&#8221;][et_pb_image src=&#8221;https:\/\/nocallarem.org\/wp-content\/uploads\/2025\/02\/diba-logo-opt.png&#8221; title_text=&#8221;diba-logo-opt&#8221; url=&#8221;https:\/\/www.diba.cat\/es\/web\/cultura&#8221; url_new_window=&#8221;on&#8221; _builder_version=&#8221;4.27.4&#8243; _module_preset=&#8221;default&#8221; global_colors_info=&#8221;{}&#8221;][\/et_pb_image][\/et_pb_column][\/et_pb_row][\/et_pb_section][et_pb_section fb_built=&#8221;1&#8243; _builder_version=&#8221;4.27.4&#8243; _module_preset=&#8221;default&#8221; border_width_bottom=&#8221;1px&#8221; border_color_bottom=&#8221;#000000&#8243; global_colors_info=&#8221;{}&#8221;][et_pb_row module_class=&#8221;kit-digital&#8221; _builder_version=&#8221;4.27.4&#8243; _module_preset=&#8221;default&#8221; custom_margin=&#8221;0px||0px||true|false&#8221; custom_padding=&#8221;0px||0px||true|false&#8221; global_colors_info=&#8221;{}&#8221;][et_pb_column type=&#8221;4_4&#8243; module_class=&#8221;kit-digital&#8221; _builder_version=&#8221;4.27.4&#8243; _module_preset=&#8221;default&#8221; global_colors_info=&#8221;{}&#8221;][et_pb_image src=&#8221;https:\/\/nocallarem.org\/wp-content\/uploads\/2025\/07\/logos-subvencion-1.webp&#8221; title_text=&#8221;logos-ministerio-movil&#8221; url=&#8221;https:\/\/www.cultura.gob.es\/portada.html&#8221; url_new_window=&#8221;on&#8221; src_tablet=&#8221;&#8221; src_phone=&#8221;https:\/\/nocallarem.org\/wp-content\/uploads\/2025\/07\/logos-ministerio-movil.webp&#8221; src_last_edited=&#8221;on|phone&#8221; _builder_version=&#8221;4.27.4&#8243; _module_preset=&#8221;default&#8221; global_colors_info=&#8221;{}&#8221;][\/et_pb_image][\/et_pb_column][\/et_pb_row][\/et_pb_section]<\/p>\n","protected":false},"excerpt":{"rendered":"<p>No callarem, a film for freedomNo callarem is a documentary that focuses on the story of three young musicians who have become the visible faces of the persecution of freedom of expression in the artistic context in the Spanish State.The lyrics of Pablo Has\u00e9l, Valt\u00f2nyc and Elgio were not only condemned by an unjust and [&hellip;]<\/p>\n","protected":false},"author":1,"featured_media":0,"parent":0,"menu_order":0,"comment_status":"closed","ping_status":"closed","template":"","meta":{"_acf_changed":false,"_et_pb_use_builder":"on","_et_pb_old_content":"","_et_gb_content_width":"","inline_featured_image":false,"footnotes":""},"class_list":["post-2459","page","type-page","status-publish","hentry"],"acf":[],"yoast_head":"<!-- This site is optimized with the Yoast SEO plugin v26.9 - https:\/\/yoast.com\/product\/yoast-seo-wordpress\/ -->\n<title>No callarem, a film for freedom | NO CALLAREM<\/title>\n<meta name=\"description\" content=\"Production of the documentary No callarem, a film for freedom that narrates the persecution suffered by Pablo Has\u00e9l, Valt\u00f2nyc and Elgio.\" \/>\n<meta name=\"robots\" content=\"index, follow, max-snippet:-1, max-image-preview:large, max-video-preview:-1\" \/>\n<link rel=\"canonical\" href=\"https:\/\/nocallarem.org\/documental-no-callarem\/\" \/>\n<meta property=\"og:locale\" content=\"en_US\" \/>\n<meta property=\"og:type\" content=\"article\" \/>\n<meta property=\"og:title\" content=\"No callarem, a film for freedom | NO CALLAREM\" \/>\n<meta property=\"og:description\" content=\"Production of the documentary No callarem, a film for freedom that narrates the persecution suffered by Pablo Has\u00e9l, Valt\u00f2nyc and Elgio.\" \/>\n<meta property=\"og:url\" content=\"https:\/\/nocallarem.org\/documental-no-callarem\/\" \/>\n<meta property=\"og:site_name\" content=\"No Callarem\" \/>\n<meta property=\"article:modified_time\" content=\"2026-02-16T14:30:14+00:00\" \/>\n<meta name=\"twitter:card\" content=\"summary_large_image\" \/>\n<meta name=\"twitter:label1\" content=\"Est. reading time\" \/>\n\t<meta name=\"twitter:data1\" content=\"15 minutes\" \/>\n<script type=\"application\/ld+json\" class=\"yoast-schema-graph\">{\"@context\":\"https:\/\/schema.org\",\"@graph\":[{\"@type\":\"WebPage\",\"@id\":\"https:\/\/nocallarem.org\/documental-no-callarem\/\",\"url\":\"https:\/\/nocallarem.org\/documental-no-callarem\/\",\"name\":\"No callarem, a film for freedom | NO CALLAREM\",\"isPartOf\":{\"@id\":\"https:\/\/nocallarem.org\/#website\"},\"datePublished\":\"2026-02-16T13:16:02+00:00\",\"dateModified\":\"2026-02-16T14:30:14+00:00\",\"description\":\"Production of the documentary No callarem, a film for freedom that narrates the persecution suffered by Pablo Has\u00e9l, Valt\u00f2nyc and Elgio.\",\"breadcrumb\":{\"@id\":\"https:\/\/nocallarem.org\/documental-no-callarem\/#breadcrumb\"},\"inLanguage\":\"en-US\",\"potentialAction\":[{\"@type\":\"ReadAction\",\"target\":[\"https:\/\/nocallarem.org\/documental-no-callarem\/\"]}]},{\"@type\":\"BreadcrumbList\",\"@id\":\"https:\/\/nocallarem.org\/documental-no-callarem\/#breadcrumb\",\"itemListElement\":[{\"@type\":\"ListItem\",\"position\":1,\"name\":\"Home\",\"item\":\"https:\/\/nocallarem.org\/en\/\"},{\"@type\":\"ListItem\",\"position\":2,\"name\":\"NO CALLAREM Documentary\"}]},{\"@type\":\"WebSite\",\"@id\":\"https:\/\/nocallarem.org\/#website\",\"url\":\"https:\/\/nocallarem.org\/\",\"name\":\"No Callarem\",\"description\":\"Plataforma en defensa del derecho a la libertad de expresi\u00f3n\",\"potentialAction\":[{\"@type\":\"SearchAction\",\"target\":{\"@type\":\"EntryPoint\",\"urlTemplate\":\"https:\/\/nocallarem.org\/?s={search_term_string}\"},\"query-input\":{\"@type\":\"PropertyValueSpecification\",\"valueRequired\":true,\"valueName\":\"search_term_string\"}}],\"inLanguage\":\"en-US\"}]}<\/script>\n<!-- \/ Yoast SEO plugin. -->","yoast_head_json":{"title":"No callarem, a film for freedom | NO CALLAREM","description":"Production of the documentary No callarem, a film for freedom that narrates the persecution suffered by Pablo Has\u00e9l, Valt\u00f2nyc and Elgio.","robots":{"index":"index","follow":"follow","max-snippet":"max-snippet:-1","max-image-preview":"max-image-preview:large","max-video-preview":"max-video-preview:-1"},"canonical":"https:\/\/nocallarem.org\/documental-no-callarem\/","og_locale":"en_US","og_type":"article","og_title":"No callarem, a film for freedom | NO CALLAREM","og_description":"Production of the documentary No callarem, a film for freedom that narrates the persecution suffered by Pablo Has\u00e9l, Valt\u00f2nyc and Elgio.","og_url":"https:\/\/nocallarem.org\/documental-no-callarem\/","og_site_name":"No Callarem","article_modified_time":"2026-02-16T14:30:14+00:00","twitter_card":"summary_large_image","twitter_misc":{"Est. reading time":"15 minutes"},"schema":{"@context":"https:\/\/schema.org","@graph":[{"@type":"WebPage","@id":"https:\/\/nocallarem.org\/documental-no-callarem\/","url":"https:\/\/nocallarem.org\/documental-no-callarem\/","name":"No callarem, a film for freedom | NO CALLAREM","isPartOf":{"@id":"https:\/\/nocallarem.org\/#website"},"datePublished":"2026-02-16T13:16:02+00:00","dateModified":"2026-02-16T14:30:14+00:00","description":"Production of the documentary No callarem, a film for freedom that narrates the persecution suffered by Pablo Has\u00e9l, Valt\u00f2nyc and Elgio.","breadcrumb":{"@id":"https:\/\/nocallarem.org\/documental-no-callarem\/#breadcrumb"},"inLanguage":"en-US","potentialAction":[{"@type":"ReadAction","target":["https:\/\/nocallarem.org\/documental-no-callarem\/"]}]},{"@type":"BreadcrumbList","@id":"https:\/\/nocallarem.org\/documental-no-callarem\/#breadcrumb","itemListElement":[{"@type":"ListItem","position":1,"name":"Home","item":"https:\/\/nocallarem.org\/en\/"},{"@type":"ListItem","position":2,"name":"NO CALLAREM Documentary"}]},{"@type":"WebSite","@id":"https:\/\/nocallarem.org\/#website","url":"https:\/\/nocallarem.org\/","name":"No Callarem","description":"Plataforma en defensa del derecho a la libertad de expresi\u00f3n","potentialAction":[{"@type":"SearchAction","target":{"@type":"EntryPoint","urlTemplate":"https:\/\/nocallarem.org\/?s={search_term_string}"},"query-input":{"@type":"PropertyValueSpecification","valueRequired":true,"valueName":"search_term_string"}}],"inLanguage":"en-US"}]}},"_links":{"self":[{"href":"https:\/\/nocallarem.org\/en\/wp-json\/wp\/v2\/pages\/2459","targetHints":{"allow":["GET"]}}],"collection":[{"href":"https:\/\/nocallarem.org\/en\/wp-json\/wp\/v2\/pages"}],"about":[{"href":"https:\/\/nocallarem.org\/en\/wp-json\/wp\/v2\/types\/page"}],"author":[{"embeddable":true,"href":"https:\/\/nocallarem.org\/en\/wp-json\/wp\/v2\/users\/1"}],"replies":[{"embeddable":true,"href":"https:\/\/nocallarem.org\/en\/wp-json\/wp\/v2\/comments?post=2459"}],"version-history":[{"count":12,"href":"https:\/\/nocallarem.org\/en\/wp-json\/wp\/v2\/pages\/2459\/revisions"}],"predecessor-version":[{"id":2479,"href":"https:\/\/nocallarem.org\/en\/wp-json\/wp\/v2\/pages\/2459\/revisions\/2479"}],"wp:attachment":[{"href":"https:\/\/nocallarem.org\/en\/wp-json\/wp\/v2\/media?parent=2459"}],"curies":[{"name":"wp","href":"https:\/\/api.w.org\/{rel}","templated":true}]}}