{"id":2320,"date":"2025-12-17T11:10:05","date_gmt":"2025-12-17T10:10:05","guid":{"rendered":"https:\/\/nocallarem.org\/artista\/osama-khalid\/"},"modified":"2025-12-17T11:19:46","modified_gmt":"2025-12-17T10:19:46","slug":"osama-khalid","status":"publish","type":"artista","link":"https:\/\/nocallarem.org\/es\/artista\/osama-khalid\/","title":{"rendered":"Osama Khalid"},"content":{"rendered":"<p>[et_pb_section fb_built=\u00bb1&#8243; _builder_version=\u00bb4.27.4&#8243; _module_preset=\u00bbdefault\u00bb custom_margin=\u00bb0px||0px||true|false\u00bb custom_padding=\u00bb0px||0px||true|false\u00bb global_colors_info=\u00bb{}\u00bb theme_builder_area=\u00bbpost_content\u00bb][et_pb_row column_structure=\u00bb1_2,1_2&#8243; make_equal=\u00bbon\u00bb _builder_version=\u00bb4.27.4&#8243; _module_preset=\u00bbdefault\u00bb custom_margin=\u00bb||0px||false|false\u00bb custom_padding=\u00bb||0px||false|false\u00bb global_colors_info=\u00bb{}\u00bb theme_builder_area=\u00bbpost_content\u00bb][et_pb_column type=\u00bb1_2&#8243; _builder_version=\u00bb4.27.4&#8243; _module_preset=\u00bbdefault\u00bb global_colors_info=\u00bb{}\u00bb theme_builder_area=\u00bbpost_content\u00bb][et_pb_text _builder_version=\u00bb4.27.4&#8243; _module_preset=\u00bbdefault\u00bb header_font=\u00bbHind|700|||||||\u00bb header_text_color=\u00bb#000000&#8243; header_line_height=\u00bb1.2em\u00bb custom_margin=\u00bb0px||0px||true|false\u00bb custom_padding=\u00bb0px||0px||true|false\u00bb global_colors_info=\u00bb{}\u00bb theme_builder_area=\u00bbpost_content\u00bb]<\/p>\n<h1 style=\"text-align: left;\">Osama Khalid<\/h1>\n<p>[\/et_pb_text][et_pb_text _builder_version=\u00bb4.27.4&#8243; _module_preset=\u00bbdefault\u00bb text_font=\u00bb&#8211;et_global_heading_font||||||||\u00bb custom_padding=\u00bb10px||||false|false\u00bb global_colors_info=\u00bb{}\u00bb theme_builder_area=\u00bbpost_content\u00bb]<\/p>\n<p data-start=\"144\" data-end=\"468\"><strong data-start=\"144\" data-end=\"468\">Osama Khalid <\/strong>creci\u00f3 en una familia peque\u00f1a en la ciudad de Omdurman, en uno de sus barrios m\u00e1s antiguos. Su padre es artista visual y, desde muy temprana edad, le inculc\u00f3 el amor por el dibujo. En el a\u00f1o 2015 ingres\u00f3 en la Facultad de Bellas Artes de la Universidad de Ciencia y Tecnolog\u00eda de Sud\u00e1n, y se gradu\u00f3 en 2020.<\/p>\n<p><\/p>\n<p data-start=\"470\" data-end=\"684\">La finalizaci\u00f3n de sus estudios no le brind\u00f3 la oportunidad de realizar una exposici\u00f3n art\u00edstica individual, ya que en ese momento las condiciones sanitarias, de seguridad y econ\u00f3micas del pa\u00eds no lo permit\u00edan.<\/p>\n<p><\/p>\n<p data-start=\"686\" data-end=\"1092\">Osama est\u00e1 interesado en la vida en las calles de Sud\u00e1n y refleja en su obra las vidas de vendedores ambulantes an\u00f3nimos, trabajadores y el entorno del espacio p\u00fablico. Su trabajo se centra en explorar la condici\u00f3n humana y el sufrimiento de su pueblo, revelando las duras realidades de las condiciones econ\u00f3micas de la vida en su pa\u00eds y las historias individuales de numerosos ni\u00f1os y ni\u00f1as sin hogar.<\/p>\n<p><\/p>\n<p data-start=\"1094\" data-end=\"1555\">Adem\u00e1s de su pr\u00e1ctica pict\u00f3rica, tambi\u00e9n es cineasta, actividad que inici\u00f3 durante sus estudios universitarios. Uno de los proyectos cinematogr\u00e1ficos m\u00e1s relevantes que ha realizado es la producci\u00f3n de un documental patrocinado por el Instituto Goethe de Alemania, que documenta la vida de las mujeres pastoras del oeste de Sud\u00e1n, poniendo especial \u00e9nfasis en la forma en que construyen sus hogares m\u00f3viles, elaborados \u00edntegramente con materiales naturales.<\/p>\n<p>[\/et_pb_text][et_pb_text _builder_version=\u00bb4.27.4&#8243; _module_preset=\u00bbdefault\u00bb global_colors_info=\u00bb{}\u00bb theme_builder_area=\u00bbpost_content\u00bb]<\/p>\n<blockquote>\n<p>Mi obra art\u00edstica se centra en temas humanitarios, retratando las vidas de personas que sufren dificultades, desde trabajadores manuales hasta personas desplazadas en distintas partes del mundo. A trav\u00e9s de mi arte, busco dar visibilidad y generar empat\u00eda hacia estas comunidades marginadas, en lugar de permitir que caigan en el olvido.<\/p>\n<\/blockquote>\n<p>[\/et_pb_text][\/et_pb_column][et_pb_column type=\u00bb1_2&#8243; module_class=\u00bbcolumna-flexible-foto\u00bb _builder_version=\u00bb4.27.4&#8243; _module_preset=\u00bbdefault\u00bb background_enable_color=\u00bboff\u00bb background_enable_image=\u00bboff\u00bb custom_css_free_form=\u00bb.columna-flexible-home {||    display: flex;||    flex-direction: column;||    justify-content: flex-start; \/* Mueve el contenido al final *\/||}\u00bb global_colors_info=\u00bb{}\u00bb theme_builder_area=\u00bbpost_content\u00bb][et_pb_image src=\u00bbhttps:\/\/nocallarem.org\/wp-content\/uploads\/2025\/12\/foto-osama-khalid-hamid.webp\u00bb alt=\u00bbOsama Khalid\u00bb title_text=\u00bbfoto-osama-khalid-hamid\u00bb _builder_version=\u00bb4.27.4&#8243; _module_preset=\u00bbdefault\u00bb hover_enabled=\u00bb0&#8243; global_colors_info=\u00bb{}\u00bb theme_builder_area=\u00bbpost_content\u00bb sticky_enabled=\u00bb0&#8243;][\/et_pb_image][\/et_pb_column][\/et_pb_row][\/et_pb_section][et_pb_section fb_built=\u00bb1&#8243; _builder_version=\u00bb4.27.4&#8243; _module_preset=\u00bbdefault\u00bb custom_margin=\u00bb0px||0px||true|false\u00bb custom_padding=\u00bb20px||0px||false|false\u00bb global_colors_info=\u00bb{}\u00bb theme_builder_area=\u00bbpost_content\u00bb][et_pb_row _builder_version=\u00bb4.27.4&#8243; _module_preset=\u00bbdefault\u00bb custom_margin=\u00bb0px||0px||true|false\u00bb custom_padding=\u00bb0px||0px||true|false\u00bb global_colors_info=\u00bb{}\u00bb theme_builder_area=\u00bbpost_content\u00bb][et_pb_column type=\u00bb4_4&#8243; _builder_version=\u00bb4.27.4&#8243; _module_preset=\u00bbdefault\u00bb global_colors_info=\u00bb{}\u00bb theme_builder_area=\u00bbpost_content\u00bb][et_pb_text _builder_version=\u00bb4.27.4&#8243; _module_preset=\u00bbdefault\u00bb header_font=\u00bbHind|700|||||||\u00bb header_text_color=\u00bb#000000&#8243; header_line_height=\u00bb1.2em\u00bb custom_margin=\u00bb0px||0px||true|false\u00bb custom_padding=\u00bb0px||0px||true|false\u00bb global_colors_info=\u00bb{}\u00bb theme_builder_area=\u00bbpost_content\u00bb]<\/p>\n<h1 class=\"has-text-align-left no-padding wp-block-post-title has-text-color has-primary-color\">En los m\u00e1rgenes<\/h1>\n<p>[\/et_pb_text][\/et_pb_column][\/et_pb_row][\/et_pb_section][et_pb_section fb_built=\u00bb1&#8243; _builder_version=\u00bb4.27.4&#8243; _module_preset=\u00bbdefault\u00bb custom_margin=\u00bb0px||0px||true|false\u00bb custom_padding=\u00bb0px||20px||false|false\u00bb global_colors_info=\u00bb{}\u00bb theme_builder_area=\u00bbpost_content\u00bb][et_pb_row _builder_version=\u00bb4.27.4&#8243; _module_preset=\u00bbdefault\u00bb custom_margin=\u00bb0px||0px||true|false\u00bb custom_padding=\u00bb0px||0px||true|false\u00bb global_colors_info=\u00bb{}\u00bb theme_builder_area=\u00bbpost_content\u00bb][et_pb_column type=\u00bb4_4&#8243; _builder_version=\u00bb4.27.4&#8243; _module_preset=\u00bbdefault\u00bb global_colors_info=\u00bb{}\u00bb theme_builder_area=\u00bbpost_content\u00bb][et_pb_text _builder_version=\u00bb4.27.4&#8243; _module_preset=\u00bbdefault\u00bb text_font=\u00bb&#8211;et_global_heading_font||||||||\u00bb custom_padding=\u00bb10px||||false|false\u00bb global_colors_info=\u00bb{}\u00bb theme_builder_area=\u00bbpost_content\u00bb]<\/p>\n<p data-start=\"114\" data-end=\"567\">Creo firmemente que un componente esencial del \u00e9xito personal como artista reside en la motivaci\u00f3n y el deseo de seguir ampliando y compartiendo las propias perspectivas en un contexto global y multicultural.<\/p>\n<p>[\/et_pb_text][\/et_pb_column][\/et_pb_row][et_pb_row _builder_version=\u00bb4.27.4&#8243; _module_preset=\u00bbdefault\u00bb global_colors_info=\u00bb{}\u00bb theme_builder_area=\u00bbpost_content\u00bb][et_pb_column type=\u00bb4_4&#8243; _builder_version=\u00bb4.27.4&#8243; _module_preset=\u00bbdefault\u00bb global_colors_info=\u00bb{}\u00bb theme_builder_area=\u00bbpost_content\u00bb][et_pb_gallery _builder_version=\u00bb4.27.4&#8243; _module_preset=\u00bbdefault\u00bb theme_builder_area=\u00bbpost_content\u00bb gallery_ids=\u00bb2316,2295,2298,2304,2307,2310,2313,2301&#8243; show_title_and_caption=\u00bboff\u00bb show_pagination=\u00bboff\u00bb hover_enabled=\u00bb0&#8243; sticky_enabled=\u00bb0&#8243; posts_number=\u00bb8&#8243;][\/et_pb_gallery][\/et_pb_column][\/et_pb_row][\/et_pb_section][et_pb_section fb_built=\u00bb1&#8243; _builder_version=\u00bb4.27.4&#8243; _module_preset=\u00bbdefault\u00bb background_enable_color=\u00bboff\u00bb custom_margin=\u00bb0px||0px||true|false\u00bb custom_padding=\u00bb40px||40px||true|false\u00bb border_width_top=\u00bb1px\u00bb border_color_top=\u00bb#000000&#8243; border_width_bottom=\u00bb1px\u00bb border_color_bottom=\u00bb#000000&#8243; global_colors_info=\u00bb{}\u00bb theme_builder_area=\u00bbpost_content\u00bb][et_pb_row column_structure=\u00bb1_2,1_2&#8243; _builder_version=\u00bb4.27.4&#8243; _module_preset=\u00bbdefault\u00bb custom_margin=\u00bb0px||0px||true|false\u00bb custom_padding=\u00bb0px||0px||true|false\u00bb global_colors_info=\u00bb{}\u00bb theme_builder_area=\u00bbpost_content\u00bb][et_pb_column type=\u00bb1_2&#8243; _builder_version=\u00bb4.27.4&#8243; _module_preset=\u00bbdefault\u00bb global_colors_info=\u00bb{}\u00bb theme_builder_area=\u00bbpost_content\u00bb][et_pb_text _builder_version=\u00bb4.27.4&#8243; _module_preset=\u00bbdefault\u00bb header_font=\u00bb&#8211;et_global_heading_font|700|||||||\u00bb header_text_color=\u00bb#000000&#8243; header_font_size=\u00bb56px\u00bb header_2_font=\u00bbHind|700|||||||\u00bb header_2_text_color=\u00bb#000000&#8243; header_2_font_size=\u00bb50px\u00bb custom_margin=\u00bb0px||0px||false|false\u00bb custom_padding=\u00bb0px||0px||false|false\u00bb global_colors_info=\u00bb{}\u00bb theme_builder_area=\u00bbpost_content\u00bb]<\/p>\n<h2 style=\"text-align: left;\">Suscr\u00edbete a nuestro bolet\u00edn<\/h2>\n<p>[\/et_pb_text][et_pb_text _builder_version=\u00bb4.27.4&#8243; _module_preset=\u00bbdefault\u00bb global_colors_info=\u00bb{}\u00bb theme_builder_area=\u00bbpost_content\u00bb]<\/p>\n<p>Te mantendremos al d\u00eda de todas las actividades, proyectos y eventos en los que participemos. Adem\u00e1s, as\u00ed nos podr\u00e1s ayudar a darle mayor visibilidad a nuestras convocatorias. \u00a1Muchas gracias!<\/p>\n<p>[\/et_pb_text][\/et_pb_column][et_pb_column type=\u00bb1_2&#8243; _builder_version=\u00bb4.27.4&#8243; _module_preset=\u00bbdefault\u00bb global_colors_info=\u00bb{}\u00bb theme_builder_area=\u00bbpost_content\u00bb][et_pb_text module_id=\u00bbform-boletin\u00bb _builder_version=\u00bb4.27.4&#8243; _module_preset=\u00bbdefault\u00bb text_font=\u00bb||||||||\u00bb text_text_color=\u00bb#000000&#8243; text_font_size=\u00bb16px\u00bb custom_css_free_form=\u00bb#form-boletin {||  color:#000 !important;||}||#form-boletin .wpcf7-text {||  width: 100%;||  font-size: 16px;||  color: #000;||  background-color: #FFF;||  border-top-color: #FFF;||  border-left-color: #FFF;||  border-right-color: #FFF;||  border-bottom-color: #000;||}||#form-boletin .wpcf7-textarea {||  width: 100%;||  font-size: 16px;||  color: #000;||  max-height: 4em;||  background-color: #FFF;||  border-top-color: #FFF;||  border-left-color: #FFF;||  border-right-color: #FFF;||  border-bottom-color: #000;||}||#form-boletin label {||  padding-top: 40px !important;||  color: #000;||  font-size: 16px;||}||#form-boletin .wpcf7-list-item {||  margin: 0px !important;||}||#form-boletin .wpcf7-list-item span {||  font-size: 12px;||}||||#form-boletin .wpcf7-submit {||  margin-top: 20px;||  padding: 10px 20px !important;||  border: 1px solid #000;||  font-size: 14px;||  text-transform: uppercase;||  background-color: #FFF;||  cursor: pointer;||}\u00bb global_colors_info=\u00bb{}\u00bb theme_builder_area=\u00bbpost_content\u00bb]<\/p>\n\n<div class=\"wpcf7 no-js\" id=\"wpcf7-f225-o1\" lang=\"es-ES\" dir=\"ltr\" data-wpcf7-id=\"225\">\n<div class=\"screen-reader-response\"><p role=\"status\" aria-live=\"polite\" aria-atomic=\"true\"><\/p> <ul><\/ul><\/div>\n<form action=\"\/es\/wp-json\/wp\/v2\/artista\/2320#wpcf7-f225-o1\" method=\"post\" class=\"wpcf7-form init\" aria-label=\"Formulario de contacto\" novalidate=\"novalidate\" data-status=\"init\">\n<fieldset class=\"hidden-fields-container\"><input type=\"hidden\" name=\"_wpcf7\" value=\"225\" \/><input type=\"hidden\" name=\"_wpcf7_version\" value=\"6.1.5\" \/><input type=\"hidden\" name=\"_wpcf7_locale\" value=\"es_ES\" \/><input type=\"hidden\" name=\"_wpcf7_unit_tag\" value=\"wpcf7-f225-o1\" \/><input type=\"hidden\" name=\"_wpcf7_container_post\" value=\"0\" \/><input type=\"hidden\" name=\"_wpcf7_posted_data_hash\" value=\"\" \/><input type=\"hidden\" name=\"_wpcf7_recaptcha_response\" value=\"\" \/>\n<\/fieldset>\n<p><label> Nombre:<br \/>\n<span class=\"wpcf7-form-control-wrap\" data-name=\"your-name\"><input size=\"40\" maxlength=\"400\" class=\"wpcf7-form-control wpcf7-text wpcf7-validates-as-required\" autocomplete=\"name\" aria-required=\"true\" aria-invalid=\"false\" value=\"\" type=\"text\" name=\"your-name\" \/><\/span> <\/label>\n<\/p>\n<p><label> Correo electr\u00f3nico:<br \/>\n<span class=\"wpcf7-form-control-wrap\" data-name=\"your-email\"><input size=\"40\" maxlength=\"400\" class=\"wpcf7-form-control wpcf7-email wpcf7-validates-as-required wpcf7-text wpcf7-validates-as-email\" autocomplete=\"email\" aria-required=\"true\" aria-invalid=\"false\" value=\"\" type=\"email\" name=\"your-email\" \/><\/span> <\/label>\n<\/p>\n<p><span class=\"wpcf7-form-control-wrap\" data-name=\"acceptance-136\"><span class=\"wpcf7-form-control wpcf7-acceptance\"><span class=\"wpcf7-list-item\"><label><input type=\"checkbox\" name=\"acceptance-136\" value=\"1\" aria-invalid=\"false\" \/><span class=\"wpcf7-list-item-label\">Enviando este formulario aceptas la <a href=\"https:\/\/nocallarem.org\/es\/politica-de-privacidad\/\" target=\"_blank\">pol\u00edtica de privacidad<\/a> de este sitio web.<\/span><\/label><\/span><\/span><\/span>\n<\/p>\n<p><input class=\"wpcf7-form-control wpcf7-submit has-spinner\" type=\"submit\" value=\"Enviar\" \/>\n<\/p><div class=\"wpcf7-response-output\" aria-hidden=\"true\"><\/div>\n<\/form>\n<\/div>\n\n<p>[\/et_pb_text][\/et_pb_column][\/et_pb_row][\/et_pb_section][et_pb_section fb_built=\u00bb1&#8243; _builder_version=\u00bb4.27.4&#8243; _module_preset=\u00bbdefault\u00bb border_width_bottom=\u00bb1px\u00bb border_color_bottom=\u00bb#000000&#8243; global_colors_info=\u00bb{}\u00bb theme_builder_area=\u00bbpost_content\u00bb][et_pb_row _builder_version=\u00bb4.27.4&#8243; _module_preset=\u00bbdefault\u00bb custom_margin=\u00bb0px||0px||true|false\u00bb custom_padding=\u00bb0px||0px||true|false\u00bb global_colors_info=\u00bb{}\u00bb theme_builder_area=\u00bbpost_content\u00bb][et_pb_column type=\u00bb4_4&#8243; _builder_version=\u00bb4.27.4&#8243; _module_preset=\u00bbdefault\u00bb global_colors_info=\u00bb{}\u00bb theme_builder_area=\u00bbpost_content\u00bb][et_pb_text _builder_version=\u00bb4.27.4&#8243; _module_preset=\u00bbdefault\u00bb header_font=\u00bb&#8211;et_global_heading_font|700|||||||\u00bb header_text_color=\u00bb#000000&#8243; header_font_size=\u00bb56px\u00bb header_2_font=\u00bbHind|700|||||||\u00bb header_2_text_color=\u00bb#000000&#8243; header_2_font_size=\u00bb50px\u00bb custom_margin=\u00bb0px||0px||false|false\u00bb custom_padding=\u00bb0px||20px||false|false\u00bb global_colors_info=\u00bb{}\u00bb theme_builder_area=\u00bbpost_content\u00bb]<\/p>\n<p>Esta plataforma trabaja en red con numerosas entidades y organizaciones que nos ayudan en nuestra labor.<\/p>\n<p>[\/et_pb_text][et_pb_text _builder_version=\u00bb4.27.4&#8243; _module_preset=\u00bbdefault\u00bb header_font=\u00bb&#8211;et_global_heading_font|700|||||||\u00bb header_text_color=\u00bb#000000&#8243; header_font_size=\u00bb56px\u00bb header_2_font=\u00bbHind|700|||||||\u00bb header_2_text_color=\u00bb#000000&#8243; header_2_font_size=\u00bb50px\u00bb custom_margin=\u00bb0px||0px||false|false\u00bb custom_padding=\u00bb0px||20px||false|false\u00bb global_colors_info=\u00bb{}\u00bb theme_builder_area=\u00bbpost_content\u00bb]<\/p>\n<p>Con el apoyo de:<\/p>\n<p>[\/et_pb_text][\/et_pb_column][\/et_pb_row][et_pb_row column_structure=\u00bb1_4,1_4,1_4,1_4&#8243; _builder_version=\u00bb4.27.4&#8243; _module_preset=\u00bbdefault\u00bb custom_margin=\u00bb0px||0px||true|false\u00bb custom_padding=\u00bb0px||0px||true|false\u00bb global_colors_info=\u00bb{}\u00bb theme_builder_area=\u00bbpost_content\u00bb][et_pb_column type=\u00bb1_4&#8243; _builder_version=\u00bb4.27.4&#8243; _module_preset=\u00bbdefault\u00bb global_colors_info=\u00bb{}\u00bb theme_builder_area=\u00bbpost_content\u00bb][et_pb_image src=\u00bbhttps:\/\/nocallarem.org\/wp-content\/uploads\/2025\/01\/logo-ministerio-cultura.png\u00bb title_text=\u00bblogo-ministerio-cultura\u00bb url=\u00bbhttps:\/\/www.cultura.gob.es\/portada.html\u00bb url_new_window=\u00bbon\u00bb _builder_version=\u00bb4.27.4&#8243; _module_preset=\u00bbdefault\u00bb global_colors_info=\u00bb{}\u00bb theme_builder_area=\u00bbpost_content\u00bb][\/et_pb_image][\/et_pb_column][et_pb_column type=\u00bb1_4&#8243; _builder_version=\u00bb4.27.4&#8243; _module_preset=\u00bbdefault\u00bb global_colors_info=\u00bb{}\u00bb theme_builder_area=\u00bbpost_content\u00bb][et_pb_image src=\u00bbhttps:\/\/nocallarem.org\/wp-content\/uploads\/2025\/01\/logo-generalitat-igualtat.png\u00bb title_text=\u00bblogo-generalitat-igualtat\u00bb url=\u00bbhttps:\/\/igualtat.gencat.cat\/ca\/inici\u00bb url_new_window=\u00bbon\u00bb _builder_version=\u00bb4.27.4&#8243; _module_preset=\u00bbdefault\u00bb global_colors_info=\u00bb{}\u00bb theme_builder_area=\u00bbpost_content\u00bb][\/et_pb_image][\/et_pb_column][et_pb_column type=\u00bb1_4&#8243; _builder_version=\u00bb4.27.4&#8243; _module_preset=\u00bbdefault\u00bb global_colors_info=\u00bb{}\u00bb theme_builder_area=\u00bbpost_content\u00bb][et_pb_image src=\u00bbhttps:\/\/nocallarem.org\/wp-content\/uploads\/2025\/02\/logo-icub.png\u00bb title_text=\u00bblogo-icub\u00bb url=\u00bbhttps:\/\/www.barcelona.cat\u00bb url_new_window=\u00bbon\u00bb _builder_version=\u00bb4.27.4&#8243; _module_preset=\u00bbdefault\u00bb global_colors_info=\u00bb{}\u00bb theme_builder_area=\u00bbpost_content\u00bb][\/et_pb_image][\/et_pb_column][et_pb_column type=\u00bb1_4&#8243; _builder_version=\u00bb4.27.4&#8243; _module_preset=\u00bbdefault\u00bb global_colors_info=\u00bb{}\u00bb theme_builder_area=\u00bbpost_content\u00bb][et_pb_image src=\u00bbhttps:\/\/nocallarem.org\/wp-content\/uploads\/2025\/02\/diba-logo-opt.png\u00bb title_text=\u00bbdiba-logo-opt\u00bb url=\u00bbhttps:\/\/www.diba.cat\/es\/web\/cultura\u00bb url_new_window=\u00bbon\u00bb _builder_version=\u00bb4.27.4&#8243; _module_preset=\u00bbdefault\u00bb global_colors_info=\u00bb{}\u00bb theme_builder_area=\u00bbpost_content\u00bb][\/et_pb_image][\/et_pb_column][\/et_pb_row][\/et_pb_section]<\/p>\n","protected":false},"excerpt":{"rendered":"<p>Artista visual y cineasta<\/p>\n","protected":false},"author":1,"featured_media":2289,"parent":0,"template":"","meta":{"_acf_changed":false,"_et_pb_use_builder":"on","_et_pb_old_content":"","_et_gb_content_width":"","inline_featured_image":false,"footnotes":""},"categories":[],"class_list":["post-2320","artista","type-artista","status-publish","has-post-thumbnail","hentry"],"acf":[],"yoast_head":"<!-- This site is optimized with the Yoast SEO plugin v26.9 - https:\/\/yoast.com\/product\/yoast-seo-wordpress\/ -->\n<title>Osama Khalid | NO CALLAREM Barcelona Artistes en Risc<\/title>\n<meta name=\"description\" content=\"Conoce a Osama Khalid a trav\u00e9s de su residencia art\u00edstica gracias a nuestra colaboraci\u00f3n con Artists At Risk (AR).\" \/>\n<meta name=\"robots\" content=\"index, follow, max-snippet:-1, max-image-preview:large, max-video-preview:-1\" \/>\n<link rel=\"canonical\" href=\"https:\/\/nocallarem.org\/artista\/osama-khalid\/\" \/>\n<meta property=\"og:locale\" content=\"es_ES\" \/>\n<meta property=\"og:type\" content=\"article\" \/>\n<meta property=\"og:title\" content=\"Osama Khalid | NO CALLAREM Barcelona Artistes en Risc\" \/>\n<meta property=\"og:description\" content=\"Conoce a Osama Khalid a trav\u00e9s de su residencia art\u00edstica gracias a nuestra colaboraci\u00f3n con Artists At Risk (AR).\" \/>\n<meta property=\"og:url\" content=\"https:\/\/nocallarem.org\/artista\/osama-khalid\/\" \/>\n<meta property=\"og:site_name\" content=\"No Callarem\" \/>\n<meta property=\"article:modified_time\" content=\"2025-12-17T10:19:46+00:00\" \/>\n<meta property=\"og:image\" content=\"https:\/\/nocallarem.org\/wp-content\/uploads\/2025\/12\/foto-osama-khalid-hamid.webp\" \/>\n\t<meta property=\"og:image:width\" content=\"630\" \/>\n\t<meta property=\"og:image:height\" content=\"398\" \/>\n\t<meta property=\"og:image:type\" content=\"image\/webp\" \/>\n<meta name=\"twitter:card\" content=\"summary_large_image\" \/>\n<meta name=\"twitter:label1\" content=\"Tiempo de lectura\" \/>\n\t<meta name=\"twitter:data1\" content=\"9 minutos\" \/>\n<script type=\"application\/ld+json\" class=\"yoast-schema-graph\">{\"@context\":\"https:\/\/schema.org\",\"@graph\":[{\"@type\":\"WebPage\",\"@id\":\"https:\/\/nocallarem.org\/artista\/osama-khalid\/\",\"url\":\"https:\/\/nocallarem.org\/artista\/osama-khalid\/\",\"name\":\"Osama Khalid | NO CALLAREM Barcelona Artistes en Risc\",\"isPartOf\":{\"@id\":\"https:\/\/nocallarem.org\/#website\"},\"primaryImageOfPage\":{\"@id\":\"https:\/\/nocallarem.org\/artista\/osama-khalid\/#primaryimage\"},\"image\":{\"@id\":\"https:\/\/nocallarem.org\/artista\/osama-khalid\/#primaryimage\"},\"thumbnailUrl\":\"https:\/\/nocallarem.org\/wp-content\/uploads\/2025\/12\/foto-osama-khalid-hamid.webp\",\"datePublished\":\"2025-12-17T10:10:05+00:00\",\"dateModified\":\"2025-12-17T10:19:46+00:00\",\"description\":\"Conoce a Osama Khalid a trav\u00e9s de su residencia art\u00edstica gracias a nuestra colaboraci\u00f3n con Artists At Risk (AR).\",\"breadcrumb\":{\"@id\":\"https:\/\/nocallarem.org\/artista\/osama-khalid\/#breadcrumb\"},\"inLanguage\":\"es\",\"potentialAction\":[{\"@type\":\"ReadAction\",\"target\":[\"https:\/\/nocallarem.org\/artista\/osama-khalid\/\"]}]},{\"@type\":\"ImageObject\",\"inLanguage\":\"es\",\"@id\":\"https:\/\/nocallarem.org\/artista\/osama-khalid\/#primaryimage\",\"url\":\"https:\/\/nocallarem.org\/wp-content\/uploads\/2025\/12\/foto-osama-khalid-hamid.webp\",\"contentUrl\":\"https:\/\/nocallarem.org\/wp-content\/uploads\/2025\/12\/foto-osama-khalid-hamid.webp\",\"width\":630,\"height\":398,\"caption\":\"Osama Khaled\"},{\"@type\":\"BreadcrumbList\",\"@id\":\"https:\/\/nocallarem.org\/artista\/osama-khalid\/#breadcrumb\",\"itemListElement\":[{\"@type\":\"ListItem\",\"position\":1,\"name\":\"Home\",\"item\":\"https:\/\/nocallarem.org\/es\/\"},{\"@type\":\"ListItem\",\"position\":2,\"name\":\"Osama Khalid\"}]},{\"@type\":\"WebSite\",\"@id\":\"https:\/\/nocallarem.org\/#website\",\"url\":\"https:\/\/nocallarem.org\/\",\"name\":\"No Callarem\",\"description\":\"Plataforma en defensa del derecho a la libertad de expresi\u00f3n\",\"potentialAction\":[{\"@type\":\"SearchAction\",\"target\":{\"@type\":\"EntryPoint\",\"urlTemplate\":\"https:\/\/nocallarem.org\/?s={search_term_string}\"},\"query-input\":{\"@type\":\"PropertyValueSpecification\",\"valueRequired\":true,\"valueName\":\"search_term_string\"}}],\"inLanguage\":\"es\"}]}<\/script>\n<!-- \/ Yoast SEO plugin. -->","yoast_head_json":{"title":"Osama Khalid | NO CALLAREM Barcelona Artistes en Risc","description":"Conoce a Osama Khalid a trav\u00e9s de su residencia art\u00edstica gracias a nuestra colaboraci\u00f3n con Artists At Risk (AR).","robots":{"index":"index","follow":"follow","max-snippet":"max-snippet:-1","max-image-preview":"max-image-preview:large","max-video-preview":"max-video-preview:-1"},"canonical":"https:\/\/nocallarem.org\/artista\/osama-khalid\/","og_locale":"es_ES","og_type":"article","og_title":"Osama Khalid | NO CALLAREM Barcelona Artistes en Risc","og_description":"Conoce a Osama Khalid a trav\u00e9s de su residencia art\u00edstica gracias a nuestra colaboraci\u00f3n con Artists At Risk (AR).","og_url":"https:\/\/nocallarem.org\/artista\/osama-khalid\/","og_site_name":"No Callarem","article_modified_time":"2025-12-17T10:19:46+00:00","og_image":[{"width":630,"height":398,"url":"https:\/\/nocallarem.org\/wp-content\/uploads\/2025\/12\/foto-osama-khalid-hamid.webp","type":"image\/webp"}],"twitter_card":"summary_large_image","twitter_misc":{"Tiempo de lectura":"9 minutos"},"schema":{"@context":"https:\/\/schema.org","@graph":[{"@type":"WebPage","@id":"https:\/\/nocallarem.org\/artista\/osama-khalid\/","url":"https:\/\/nocallarem.org\/artista\/osama-khalid\/","name":"Osama Khalid | NO CALLAREM Barcelona Artistes en Risc","isPartOf":{"@id":"https:\/\/nocallarem.org\/#website"},"primaryImageOfPage":{"@id":"https:\/\/nocallarem.org\/artista\/osama-khalid\/#primaryimage"},"image":{"@id":"https:\/\/nocallarem.org\/artista\/osama-khalid\/#primaryimage"},"thumbnailUrl":"https:\/\/nocallarem.org\/wp-content\/uploads\/2025\/12\/foto-osama-khalid-hamid.webp","datePublished":"2025-12-17T10:10:05+00:00","dateModified":"2025-12-17T10:19:46+00:00","description":"Conoce a Osama Khalid a trav\u00e9s de su residencia art\u00edstica gracias a nuestra colaboraci\u00f3n con Artists At Risk (AR).","breadcrumb":{"@id":"https:\/\/nocallarem.org\/artista\/osama-khalid\/#breadcrumb"},"inLanguage":"es","potentialAction":[{"@type":"ReadAction","target":["https:\/\/nocallarem.org\/artista\/osama-khalid\/"]}]},{"@type":"ImageObject","inLanguage":"es","@id":"https:\/\/nocallarem.org\/artista\/osama-khalid\/#primaryimage","url":"https:\/\/nocallarem.org\/wp-content\/uploads\/2025\/12\/foto-osama-khalid-hamid.webp","contentUrl":"https:\/\/nocallarem.org\/wp-content\/uploads\/2025\/12\/foto-osama-khalid-hamid.webp","width":630,"height":398,"caption":"Osama Khaled"},{"@type":"BreadcrumbList","@id":"https:\/\/nocallarem.org\/artista\/osama-khalid\/#breadcrumb","itemListElement":[{"@type":"ListItem","position":1,"name":"Home","item":"https:\/\/nocallarem.org\/es\/"},{"@type":"ListItem","position":2,"name":"Osama Khalid"}]},{"@type":"WebSite","@id":"https:\/\/nocallarem.org\/#website","url":"https:\/\/nocallarem.org\/","name":"No Callarem","description":"Plataforma en defensa del derecho a la libertad de expresi\u00f3n","potentialAction":[{"@type":"SearchAction","target":{"@type":"EntryPoint","urlTemplate":"https:\/\/nocallarem.org\/?s={search_term_string}"},"query-input":{"@type":"PropertyValueSpecification","valueRequired":true,"valueName":"search_term_string"}}],"inLanguage":"es"}]}},"_links":{"self":[{"href":"https:\/\/nocallarem.org\/es\/wp-json\/wp\/v2\/artista\/2320","targetHints":{"allow":["GET"]}}],"collection":[{"href":"https:\/\/nocallarem.org\/es\/wp-json\/wp\/v2\/artista"}],"about":[{"href":"https:\/\/nocallarem.org\/es\/wp-json\/wp\/v2\/types\/artista"}],"author":[{"embeddable":true,"href":"https:\/\/nocallarem.org\/es\/wp-json\/wp\/v2\/users\/1"}],"version-history":[{"count":2,"href":"https:\/\/nocallarem.org\/es\/wp-json\/wp\/v2\/artista\/2320\/revisions"}],"predecessor-version":[{"id":2322,"href":"https:\/\/nocallarem.org\/es\/wp-json\/wp\/v2\/artista\/2320\/revisions\/2322"}],"wp:featuredmedia":[{"embeddable":true,"href":"https:\/\/nocallarem.org\/es\/wp-json\/wp\/v2\/media\/2289"}],"wp:attachment":[{"href":"https:\/\/nocallarem.org\/es\/wp-json\/wp\/v2\/media?parent=2320"}],"wp:term":[{"taxonomy":"category","embeddable":true,"href":"https:\/\/nocallarem.org\/es\/wp-json\/wp\/v2\/categories?post=2320"}],"curies":[{"name":"wp","href":"https:\/\/api.w.org\/{rel}","templated":true}]}}