{"id":1385,"date":"2025-06-19T10:32:24","date_gmt":"2025-06-19T08:32:24","guid":{"rendered":"https:\/\/nocallarem.org\/?post_type=medios&#038;p=1385"},"modified":"2025-06-19T10:32:24","modified_gmt":"2025-06-19T08:32:24","slug":"artistas-por-la-libertad-de-expresion","status":"publish","type":"medios","link":"https:\/\/nocallarem.org\/es\/medios\/artistas-por-la-libertad-de-expresion\/","title":{"rendered":"Artistas por la libertad de expresi\u00f3n"},"excerpt":{"rendered":"<p>A ra\u00edz de la muestra de la obra de Santiago Sierra \u00abPresos pol\u00edticos en la Espa\u00f1a contempor\u00e1nea\u00bb, el CCCB coorganiza con el colectivo \u00a1No Callaremos! una tarde de acciones art\u00edsticas para reivindicar el derecho a la libertad de expresi\u00f3n.<\/p>\n","protected":false},"author":1,"featured_media":0,"parent":0,"template":"","meta":{"_acf_changed":false,"_et_pb_use_builder":"","_et_pb_old_content":"","_et_gb_content_width":"","inline_featured_image":false},"categories":[],"class_list":["post-1385","medios","type-medios","status-publish","hentry"],"acf":[],"yoast_head":"<!-- This site is optimized with the Yoast SEO plugin v26.9 - https:\/\/yoast.com\/product\/yoast-seo-wordpress\/ -->\n<title>Artistas por la libertad de expresi\u00f3n - No Callarem<\/title>\n<meta name=\"robots\" content=\"index, follow, max-snippet:-1, max-image-preview:large, max-video-preview:-1\" \/>\n<link rel=\"canonical\" href=\"https:\/\/nocallarem.org\/medios\/artistas-por-la-libertad-de-expresion\/\" \/>\n<meta property=\"og:locale\" content=\"es_ES\" \/>\n<meta property=\"og:type\" content=\"article\" \/>\n<meta property=\"og:title\" content=\"Artistas por la libertad de expresi\u00f3n - No Callarem\" \/>\n<meta property=\"og:description\" content=\"A ra\u00edz de la muestra de la obra de Santiago Sierra \u00abPresos pol\u00edticos en la Espa\u00f1a contempor\u00e1nea\u00bb, el CCCB coorganiza con el colectivo \u00a1No Callaremos! una tarde de acciones art\u00edsticas para reivindicar el derecho a la libertad de expresi\u00f3n.\" \/>\n<meta property=\"og:url\" content=\"https:\/\/nocallarem.org\/medios\/artistas-por-la-libertad-de-expresion\/\" \/>\n<meta property=\"og:site_name\" content=\"No Callarem\" \/>\n<meta name=\"twitter:card\" content=\"summary_large_image\" \/>\n<script type=\"application\/ld+json\" class=\"yoast-schema-graph\">{\"@context\":\"https:\/\/schema.org\",\"@graph\":[{\"@type\":\"WebPage\",\"@id\":\"https:\/\/nocallarem.org\/medios\/artistas-por-la-libertad-de-expresion\/\",\"url\":\"https:\/\/nocallarem.org\/medios\/artistas-por-la-libertad-de-expresion\/\",\"name\":\"Artistas por la libertad de expresi\u00f3n - No Callarem\",\"isPartOf\":{\"@id\":\"https:\/\/nocallarem.org\/#website\"},\"datePublished\":\"2025-06-19T08:32:24+00:00\",\"breadcrumb\":{\"@id\":\"https:\/\/nocallarem.org\/medios\/artistas-por-la-libertad-de-expresion\/#breadcrumb\"},\"inLanguage\":\"es\",\"potentialAction\":[{\"@type\":\"ReadAction\",\"target\":[\"https:\/\/nocallarem.org\/medios\/artistas-por-la-libertad-de-expresion\/\"]}]},{\"@type\":\"BreadcrumbList\",\"@id\":\"https:\/\/nocallarem.org\/medios\/artistas-por-la-libertad-de-expresion\/#breadcrumb\",\"itemListElement\":[{\"@type\":\"ListItem\",\"position\":1,\"name\":\"Home\",\"item\":\"https:\/\/nocallarem.org\/es\/\"},{\"@type\":\"ListItem\",\"position\":2,\"name\":\"Artistas por la libertad de expresi\u00f3n\"}]},{\"@type\":\"WebSite\",\"@id\":\"https:\/\/nocallarem.org\/#website\",\"url\":\"https:\/\/nocallarem.org\/\",\"name\":\"No Callarem\",\"description\":\"Plataforma en defensa del derecho a la libertad de expresi\u00f3n\",\"potentialAction\":[{\"@type\":\"SearchAction\",\"target\":{\"@type\":\"EntryPoint\",\"urlTemplate\":\"https:\/\/nocallarem.org\/?s={search_term_string}\"},\"query-input\":{\"@type\":\"PropertyValueSpecification\",\"valueRequired\":true,\"valueName\":\"search_term_string\"}}],\"inLanguage\":\"es\"}]}<\/script>\n<!-- \/ Yoast SEO plugin. -->","yoast_head_json":{"title":"Artistas por la libertad de expresi\u00f3n - No Callarem","robots":{"index":"index","follow":"follow","max-snippet":"max-snippet:-1","max-image-preview":"max-image-preview:large","max-video-preview":"max-video-preview:-1"},"canonical":"https:\/\/nocallarem.org\/medios\/artistas-por-la-libertad-de-expresion\/","og_locale":"es_ES","og_type":"article","og_title":"Artistas por la libertad de expresi\u00f3n - No Callarem","og_description":"A ra\u00edz de la muestra de la obra de Santiago Sierra \u00abPresos pol\u00edticos en la Espa\u00f1a contempor\u00e1nea\u00bb, el CCCB coorganiza con el colectivo \u00a1No Callaremos! una tarde de acciones art\u00edsticas para reivindicar el derecho a la libertad de expresi\u00f3n.","og_url":"https:\/\/nocallarem.org\/medios\/artistas-por-la-libertad-de-expresion\/","og_site_name":"No Callarem","twitter_card":"summary_large_image","schema":{"@context":"https:\/\/schema.org","@graph":[{"@type":"WebPage","@id":"https:\/\/nocallarem.org\/medios\/artistas-por-la-libertad-de-expresion\/","url":"https:\/\/nocallarem.org\/medios\/artistas-por-la-libertad-de-expresion\/","name":"Artistas por la libertad de expresi\u00f3n - No Callarem","isPartOf":{"@id":"https:\/\/nocallarem.org\/#website"},"datePublished":"2025-06-19T08:32:24+00:00","breadcrumb":{"@id":"https:\/\/nocallarem.org\/medios\/artistas-por-la-libertad-de-expresion\/#breadcrumb"},"inLanguage":"es","potentialAction":[{"@type":"ReadAction","target":["https:\/\/nocallarem.org\/medios\/artistas-por-la-libertad-de-expresion\/"]}]},{"@type":"BreadcrumbList","@id":"https:\/\/nocallarem.org\/medios\/artistas-por-la-libertad-de-expresion\/#breadcrumb","itemListElement":[{"@type":"ListItem","position":1,"name":"Home","item":"https:\/\/nocallarem.org\/es\/"},{"@type":"ListItem","position":2,"name":"Artistas por la libertad de expresi\u00f3n"}]},{"@type":"WebSite","@id":"https:\/\/nocallarem.org\/#website","url":"https:\/\/nocallarem.org\/","name":"No Callarem","description":"Plataforma en defensa del derecho a la libertad de expresi\u00f3n","potentialAction":[{"@type":"SearchAction","target":{"@type":"EntryPoint","urlTemplate":"https:\/\/nocallarem.org\/?s={search_term_string}"},"query-input":{"@type":"PropertyValueSpecification","valueRequired":true,"valueName":"search_term_string"}}],"inLanguage":"es"}]}},"_links":{"self":[{"href":"https:\/\/nocallarem.org\/es\/wp-json\/wp\/v2\/medios\/1385","targetHints":{"allow":["GET"]}}],"collection":[{"href":"https:\/\/nocallarem.org\/es\/wp-json\/wp\/v2\/medios"}],"about":[{"href":"https:\/\/nocallarem.org\/es\/wp-json\/wp\/v2\/types\/medios"}],"author":[{"embeddable":true,"href":"https:\/\/nocallarem.org\/es\/wp-json\/wp\/v2\/users\/1"}],"version-history":[{"count":1,"href":"https:\/\/nocallarem.org\/es\/wp-json\/wp\/v2\/medios\/1385\/revisions"}],"predecessor-version":[{"id":1386,"href":"https:\/\/nocallarem.org\/es\/wp-json\/wp\/v2\/medios\/1385\/revisions\/1386"}],"wp:attachment":[{"href":"https:\/\/nocallarem.org\/es\/wp-json\/wp\/v2\/media?parent=1385"}],"wp:term":[{"taxonomy":"category","embeddable":true,"href":"https:\/\/nocallarem.org\/es\/wp-json\/wp\/v2\/categories?post=1385"}],"curies":[{"name":"wp","href":"https:\/\/api.w.org\/{rel}","templated":true}]}}