{"id":2455,"date":"2026-02-16T14:16:02","date_gmt":"2026-02-16T13:16:02","guid":{"rendered":"https:\/\/nocallarem.org\/documental-no-callarem\/"},"modified":"2026-02-16T15:33:10","modified_gmt":"2026-02-16T14:33:10","slug":"documental-no-callarem","status":"publish","type":"page","link":"https:\/\/nocallarem.org\/es\/documental-no-callarem\/","title":{"rendered":"Documental NO CALLAREM"},"content":{"rendered":"<p>[et_pb_section fb_built=\u00bb1&#8243; _builder_version=\u00bb4.27.4&#8243; _module_preset=\u00bbdefault\u00bb custom_margin=\u00bb0px||0px||true|false\u00bb custom_padding=\u00bb0px||0px||true|false\u00bb global_colors_info=\u00bb{}\u00bb][et_pb_row column_structure=\u00bb1_2,1_2&#8243; make_equal=\u00bbon\u00bb _builder_version=\u00bb4.27.4&#8243; _module_preset=\u00bbdefault\u00bb width=\u00bb80.3%\u00bb global_colors_info=\u00bb{}\u00bb][et_pb_column type=\u00bb1_2&#8243; _builder_version=\u00bb4.27.4&#8243; _module_preset=\u00bbdefault\u00bb global_colors_info=\u00bb{}\u00bb][et_pb_text _builder_version=\u00bb4.27.5&#8243; _module_preset=\u00bbdefault\u00bb header_font=\u00bbHind|700|||||||\u00bb header_text_color=\u00bb#000000&#8243; header_line_height=\u00bb1.2em\u00bb custom_margin=\u00bb0px||0px||true|false\u00bb custom_padding=\u00bb0px||0px||true|false\u00bb global_colors_info=\u00bb{}\u00bb]<\/p>\n<h1 style=\"text-align: left;\">No callarem, un documental por la libertad<\/h1>\n<p>[\/et_pb_text][et_pb_text _builder_version=\u00bb4.27.5&#8243; _module_preset=\u00bbdefault\u00bb text_font=\u00bb&#8211;et_global_heading_font||||||||\u00bb custom_padding=\u00bb10px||||false|false\u00bb global_colors_info=\u00bb{}\u00bb]<\/p>\n<p data-start=\"48\" data-end=\"258\"><strong data-start=\"48\" data-end=\"63\">No callarem<\/strong> es un documental que se centra en la historia de tres j\u00f3venes m\u00fasicos que han sido las caras visibles de la persecuci\u00f3n de la libertad de expresi\u00f3n en el contexto art\u00edstico en el Estado espa\u00f1ol.<\/p>\n<p><\/p>\n<p data-start=\"260\" data-end=\"529\">Las letras de Pablo Has\u00e9l, Valt\u00f2nyc y Elgio no solo fueron condenadas por un sistema judicial injusto y vengativo, sino que tambi\u00e9n convirtieron a estos tres artistas en v\u00edctimas de una fabricaci\u00f3n medi\u00e1tica que los mostr\u00f3 como delincuentes y enemigos de la democracia.<\/p>\n<p><\/p>\n<p data-start=\"531\" data-end=\"828\"><strong data-start=\"531\" data-end=\"546\">No callarem<\/strong> aborda, tanto desde una perspectiva personal como art\u00edstica, las experiencias que llevaron a Elgio, Pablo Has\u00e9l y Valt\u00f2nyc a convertirse en represaliados pol\u00edticos, as\u00ed como las consecuencias que la represi\u00f3n tiene en sus vidas, ya sea por la inhabilitaci\u00f3n, el exilio o la c\u00e1rcel.<\/p>\n<p><\/p>\n<p data-start=\"830\" data-end=\"1471\">El documental reconstruye los tres casos a trav\u00e9s de conversaciones entre ellos y tres cantantes: Ana Tijoux conversa con Valt\u00f2nyc desde el exilio; se comparten las cartas escritas de Pablo Has\u00e9l a Bittah (Tribade) desde la prisi\u00f3n, y se realiza un recorrido por la historia de Elgio como miembro de Insurgencia de la mano de Yolanda Sey. El documental recoge la \u00fanica entrevista que se ha podido grabar a Pablo Has\u00e9l en la prisi\u00f3n de Ponent de Lleida. Todo ello acompa\u00f1ado por una banda sonora \u00fanica en la que artistas de la escena musical actual versionan las letras condenadas para crear nuevas canciones desde estilos musicales diversos.<\/p>\n<p>[\/et_pb_text][\/et_pb_column][et_pb_column type=\u00bb1_2&#8243; module_class=\u00bbcolumna-flexible-foto\u00bb _builder_version=\u00bb4.27.4&#8243; _module_preset=\u00bbdefault\u00bb background_enable_color=\u00bboff\u00bb background_enable_image=\u00bboff\u00bb custom_css_free_form=\u00bb.columna-flexible-home {||    display: flex;||    flex-direction: column;||    justify-content: flex-start; \/* Mueve el contenido al final *\/||}\u00bb global_colors_info=\u00bb{}\u00bb][et_pb_image src=\u00bbhttps:\/\/nocallarem.org\/wp-content\/uploads\/2026\/02\/no-callarem-documental.webp\u00bb alt=\u00bbDocumental No Callarem, un film por la libertad\u00bb title_text=\u00bbno-callarem-documental\u00bb align=\u00bbcenter\u00bb force_fullwidth=\u00bbon\u00bb _builder_version=\u00bb4.27.5&#8243; _module_preset=\u00bbdefault\u00bb custom_margin=\u00bb0px||10px||false|false\u00bb global_colors_info=\u00bb{}\u00bb][\/et_pb_image][et_pb_text _builder_version=\u00bb4.27.5&#8243; _module_preset=\u00bbdefault\u00bb hover_enabled=\u00bb0&#8243; sticky_enabled=\u00bb0&#8243;]<\/p>\n<p><a href=\"https:\/\/www.youtube.com\/watch?v=5WKTNtuCeM0\" target=\"_blank\" rel=\"noopener\"><strong>Ver trailer<\/strong> <\/a>(YouTube)<\/p>\n<p>[\/et_pb_text][\/et_pb_column][\/et_pb_row][\/et_pb_section][et_pb_section fb_built=\u00bb1&#8243; _builder_version=\u00bb4.27.4&#8243; _module_preset=\u00bbdefault\u00bb custom_margin=\u00bb0px||0px||true|false\u00bb custom_padding=\u00bb20px||0px||false|false\u00bb global_colors_info=\u00bb{}\u00bb][et_pb_row _builder_version=\u00bb4.27.4&#8243; _module_preset=\u00bbdefault\u00bb custom_margin=\u00bb0px||0px||true|false\u00bb custom_padding=\u00bb1px||1px||true|false\u00bb global_colors_info=\u00bb{}\u00bb][et_pb_column type=\u00bb4_4&#8243; _builder_version=\u00bb4.27.4&#8243; _module_preset=\u00bbdefault\u00bb global_colors_info=\u00bb{}\u00bb][et_pb_text _builder_version=\u00bb4.27.4&#8243; _module_preset=\u00bbdefault\u00bb header_font=\u00bbHind|700|||||||\u00bb header_text_color=\u00bb#000000&#8243; header_line_height=\u00bb1.2em\u00bb custom_margin=\u00bb0px||0px||true|false\u00bb custom_padding=\u00bb0px||0px||true|false\u00bb global_colors_info=\u00bb{}\u00bb]<\/p>\n<h2 style=\"text-align: left;\">Los hechos<\/h2>\n<p>[\/et_pb_text][\/et_pb_column][\/et_pb_row][\/et_pb_section][et_pb_section fb_built=\u00bb1&#8243; _builder_version=\u00bb4.27.4&#8243; _module_preset=\u00bbdefault\u00bb custom_margin=\u00bb0px||0px||true|false\u00bb custom_padding=\u00bb0px||20px||false|false\u00bb global_colors_info=\u00bb{}\u00bb][et_pb_row _builder_version=\u00bb4.27.4&#8243; _module_preset=\u00bbdefault\u00bb custom_margin=\u00bb0px||0px||true|false\u00bb custom_padding=\u00bb0px||0px||true|false\u00bb global_colors_info=\u00bb{}\u00bb][et_pb_column type=\u00bb4_4&#8243; _builder_version=\u00bb4.27.4&#8243; _module_preset=\u00bbdefault\u00bb global_colors_info=\u00bb{}\u00bb][et_pb_text _builder_version=\u00bb4.27.5&#8243; _module_preset=\u00bbdefault\u00bb text_font=\u00bb&#8211;et_global_heading_font||||||||\u00bb custom_padding=\u00bb10px||||false|false\u00bb global_colors_info=\u00bb{}\u00bb]<\/p>\n<p data-start=\"48\" data-end=\"432\">Pablo Has\u00e9l, Valt\u00f2nyc y Elgio compartieron una historia de vida similar: desde muy peque\u00f1os creci\u00f3 en ellos una necesidad de denunciar injusticias y hacer visibles los abusos y violencias ejercidos por el Estado, las fuerzas policiales y, en especial, la Corona espa\u00f1ola. La manera de hacerlo ser\u00eda a trav\u00e9s de la m\u00fasica rap, pero la persecuci\u00f3n que sufrieron nadie la pod\u00eda imaginar:<\/p>\n<p><\/p>\n<p data-start=\"434\" data-end=\"659\">Elgio y los once miembros de La Insurgencia fueron condenados en junio de 2020 a seis meses de prisi\u00f3n que no tendr\u00e1n que cumplir siempre y cuando no se les sumen nuevas condenas que asciendan a un total de dos a\u00f1os y un d\u00eda.<\/p>\n<p><\/p>\n<p data-start=\"661\" data-end=\"1001\">La justicia belga rechaza la extradici\u00f3n de Josep Valt\u00f2nyc en mayo de 2022, a pesar de que Espa\u00f1a pide para el rapero un total de diez a\u00f1os y medio de prisi\u00f3n por injurias a la Corona, amenazas y enaltecimiento del terrorismo. Recibe m\u00e1s de 500 amenazas de muerte que le obligan a cambiar de domicilio de forma recurrente durante esa \u00e9poca.<\/p>\n<p><\/p>\n<p data-start=\"1003\" data-end=\"1336\">En el momento de la grabaci\u00f3n, Pablo Has\u00e9l cumpl\u00eda una condena de dos a\u00f1os y un mes de prisi\u00f3n. En julio de 2022 se eleva a un total de siete a\u00f1os y medio de prisi\u00f3n firme. La madre de Pablo tiene un proceso penal abierto por manifestarse a favor de su hijo, al igual que muchos otros miembros de su entorno cercano y grupo de apoyo.<\/p>\n<p><\/p>\n<p data-start=\"1338\" data-end=\"1436\">En 2019 el Estado espa\u00f1ol se convierte en el pa\u00eds del mundo con m\u00e1s artistas con penas de prisi\u00f3n.<\/p>\n<p><\/p>\n<p data-start=\"1438\" data-end=\"1658\">El Consejo de Europa insta reiteradamente a Espa\u00f1a a modificar su legislaci\u00f3n en materia de enaltecimiento del terrorismo e injurias a la Corona, alegando que no debe interferir con el derecho a la libertad de expresi\u00f3n.<\/p>\n<p><\/p>\n<p data-start=\"1660\" data-end=\"1775\">En octubre de 2021 el Tribunal Constitucional belga deroga su ley de injurias a la Corona gracias al caso Valt\u00f2nyc.<\/p>\n<p><\/p>\n<p data-start=\"1777\" data-end=\"1995\">En febrero de 2026, Pablo Has\u00e9l cumpli\u00f3 cinco a\u00f1os en prisi\u00f3n. Profesores de 95 universidades de 25 pa\u00edses firmaron un manifiesto exigiendo la puesta en libertad del artista y proponen su candidatura al Premio S\u00e1jarov.<\/p>\n<p>[\/et_pb_text][\/et_pb_column][\/et_pb_row][\/et_pb_section][et_pb_section fb_built=\u00bb1&#8243; _builder_version=\u00bb4.27.4&#8243; _module_preset=\u00bbdefault\u00bb custom_margin=\u00bb0px||0px||true|false\u00bb custom_padding=\u00bb20px||0px||false|false\u00bb global_colors_info=\u00bb{}\u00bb][et_pb_row _builder_version=\u00bb4.27.4&#8243; _module_preset=\u00bbdefault\u00bb custom_margin=\u00bb0px||0px||true|false\u00bb custom_padding=\u00bb0px||0px||true|false\u00bb global_colors_info=\u00bb{}\u00bb][et_pb_column type=\u00bb4_4&#8243; _builder_version=\u00bb4.27.4&#8243; _module_preset=\u00bbdefault\u00bb global_colors_info=\u00bb{}\u00bb][et_pb_text _builder_version=\u00bb4.27.4&#8243; _module_preset=\u00bbdefault\u00bb header_font=\u00bbHind|700|||||||\u00bb header_text_color=\u00bb#000000&#8243; header_line_height=\u00bb1.2em\u00bb custom_margin=\u00bb0px||0px||true|false\u00bb custom_padding=\u00bb0px||0px||true|false\u00bb global_colors_info=\u00bb{}\u00bb]<\/p>\n<h2 style=\"text-align: left;\">Producci\u00f3n<\/h2>\n<p>[\/et_pb_text][\/et_pb_column][\/et_pb_row][\/et_pb_section][et_pb_section fb_built=\u00bb1&#8243; _builder_version=\u00bb4.27.4&#8243; _module_preset=\u00bbdefault\u00bb custom_margin=\u00bb0px||0px||true|false\u00bb custom_padding=\u00bb0px||20px||false|false\u00bb global_colors_info=\u00bb{}\u00bb][et_pb_row _builder_version=\u00bb4.27.4&#8243; _module_preset=\u00bbdefault\u00bb custom_margin=\u00bb0px||0px||true|false\u00bb custom_padding=\u00bb0px||0px||true|false\u00bb global_colors_info=\u00bb{}\u00bb][et_pb_column type=\u00bb4_4&#8243; _builder_version=\u00bb4.27.4&#8243; _module_preset=\u00bbdefault\u00bb global_colors_info=\u00bb{}\u00bb][et_pb_text _builder_version=\u00bb4.27.5&#8243; _module_preset=\u00bbdefault\u00bb text_font=\u00bb&#8211;et_global_heading_font||||||||\u00bb custom_padding=\u00bb10px||||false|false\u00bb global_colors_info=\u00bb{}\u00bb]<\/p>\n<p data-start=\"48\" data-end=\"265\">Despu\u00e9s de alzar la voz a trav\u00e9s de conciertos, manifestaciones o arte urbano, la plataforma ciudadana No Callarem y la productora audiovisual Bruna impulsaron un proceso creativo para la realizaci\u00f3n de un documental.<\/p>\n<p><\/p>\n<p data-start=\"267\" data-end=\"660\">Bruna es una cooperativa dedicada a contar historias mediante el audiovisual. Trabajan con los principios de la econom\u00eda social y solidaria, priorizando a las personas y sus necesidades por delante del capital. Apuestan por un audiovisual con perspectiva cr\u00edtica capaz de dar voz a quienes no la tienen, ofreciendo imaginarios basados en el respeto y la celebraci\u00f3n de las diversas realidades.<\/p>\n<p><\/p>\n<p data-start=\"662\" data-end=\"1022\">Para su producci\u00f3n se recurri\u00f3 a un Verkami bajo el t\u00edtulo <strong data-start=\"721\" data-end=\"733\">Art. 490<\/strong>, aunque finalmente se opt\u00f3 por utilizar <strong data-start=\"774\" data-end=\"789\">No Callarem<\/strong> como t\u00edtulo. El proyecto cont\u00f3 con el apoyo del programa de radio <strong data-start=\"856\" data-end=\"871\">Carne Cruda<\/strong>, un programa de radio y p\u00f3dcast cr\u00edtico que une cultura innovadora, activismo social, pol\u00edtica y actualidad, dirigido y presentado por Javier Gallego.<\/p>\n<p>[\/et_pb_text][\/et_pb_column][\/et_pb_row][\/et_pb_section][et_pb_section fb_built=\u00bb1&#8243; _builder_version=\u00bb4.27.4&#8243; _module_preset=\u00bbdefault\u00bb custom_margin=\u00bb0px||0px||true|false\u00bb custom_padding=\u00bb20px||0px||false|false\u00bb global_colors_info=\u00bb{}\u00bb][et_pb_row _builder_version=\u00bb4.27.4&#8243; _module_preset=\u00bbdefault\u00bb custom_margin=\u00bb0px||0px||true|false\u00bb custom_padding=\u00bb0px||0px||true|false\u00bb global_colors_info=\u00bb{}\u00bb][et_pb_column type=\u00bb4_4&#8243; _builder_version=\u00bb4.27.4&#8243; _module_preset=\u00bbdefault\u00bb global_colors_info=\u00bb{}\u00bb][et_pb_text _builder_version=\u00bb4.27.4&#8243; _module_preset=\u00bbdefault\u00bb header_font=\u00bbHind|700|||||||\u00bb header_text_color=\u00bb#000000&#8243; header_line_height=\u00bb1.2em\u00bb custom_margin=\u00bb0px||0px||true|false\u00bb custom_padding=\u00bb0px||0px||true|false\u00bb global_colors_info=\u00bb{}\u00bb]<\/p>\n<h2 style=\"text-align: left;\">Ficha t\u00e9cnica<\/h2>\n<p>[\/et_pb_text][\/et_pb_column][\/et_pb_row][\/et_pb_section][et_pb_section fb_built=\u00bb1&#8243; _builder_version=\u00bb4.27.4&#8243; _module_preset=\u00bbdefault\u00bb custom_margin=\u00bb0px||0px||true|false\u00bb custom_padding=\u00bb20px||20px||true|false\u00bb global_colors_info=\u00bb{}\u00bb][et_pb_row column_structure=\u00bb1_2,1_2&#8243; _builder_version=\u00bb4.27.4&#8243; _module_preset=\u00bbdefault\u00bb custom_margin=\u00bb0px||0px||true|false\u00bb custom_padding=\u00bb0px||0px||true|false\u00bb global_colors_info=\u00bb{}\u00bb][et_pb_column type=\u00bb1_2&#8243; _builder_version=\u00bb4.27.4&#8243; _module_preset=\u00bbdefault\u00bb global_colors_info=\u00bb{}\u00bb][et_pb_text _builder_version=\u00bb4.27.5&#8243; _module_preset=\u00bbdefault\u00bb text_font=\u00bb&#8211;et_global_heading_font||||||||\u00bb custom_padding=\u00bb10px||||false|false\u00bb global_colors_info=\u00bb{}\u00bb]<\/p>\n<p><strong data-start=\"125\" data-end=\"136\">T\u00edtulo:<\/strong> No callarem<br data-start=\"148\" data-end=\"151\" \/><strong data-start=\"151\" data-end=\"162\">G\u00e9nero:<\/strong> no ficci\u00f3n, documental<br data-start=\"185\" data-end=\"188\" \/><strong data-start=\"188\" data-end=\"201\">Duraci\u00f3n:<\/strong> 90\u2019<br data-start=\"205\" data-end=\"208\" \/><strong data-start=\"208\" data-end=\"231\">A\u00f1o de publicaci\u00f3n:<\/strong> 2022<br data-start=\"236\" data-end=\"239\" \/><strong data-start=\"239\" data-end=\"251\">Idiomas:<\/strong> catal\u00e1n y castellano<br data-start=\"272\" data-end=\"275\" \/><strong data-start=\"275\" data-end=\"290\">Subt\u00edtulos:<\/strong> disponibles en catal\u00e1n, castellano e ingl\u00e9s<br data-start=\"334\" data-end=\"337\" data-is-only-node=\"\" \/><strong data-start=\"337\" data-end=\"355\">Idea original:<\/strong> Francisco Garc\u00eda Tapia, Adriano Galante, Albert Costa<br data-start=\"409\" data-end=\"412\" \/><strong data-start=\"412\" data-end=\"428\">Codirecci\u00f3n:<\/strong> Claudia Arribas Villa, Violeta Octavio Roca, Carlos Juan Mart\u00ednez<br data-start=\"494\" data-end=\"497\" \/><strong data-start=\"497\" data-end=\"507\">Guion:<\/strong> Claudia Arribas Villa, Pilar Monsell<br data-start=\"544\" data-end=\"547\" \/><strong data-start=\"547\" data-end=\"562\">Producci\u00f3n:<\/strong> Francisco Garc\u00eda Tapia<br data-start=\"585\" data-end=\"588\" \/><strong data-start=\"588\" data-end=\"613\">Producci\u00f3n ejecutiva:<\/strong> Albert Costa, Adriano Galante<br data-start=\"643\" data-end=\"646\" \/><strong data-start=\"646\" data-end=\"674\">Direcci\u00f3n de fotograf\u00eda:<\/strong> Violeta Octavio, Carlos Juan Mart\u00ednez<br data-start=\"712\" data-end=\"715\" \/><strong data-start=\"715\" data-end=\"737\">Edici\u00f3n y montaje:<\/strong> Violeta Octavio Roca, Claudia Arribas Villa<br data-start=\"781\" data-end=\"784\" \/><strong data-start=\"784\" data-end=\"806\">Realizador en 2018:<\/strong> Ra\u00fal Gallego<br data-start=\"819\" data-end=\"822\" \/><strong data-start=\"822\" data-end=\"841\">Sonido directo:<\/strong> Carlos Juan Mart\u00ednez, Pablo Schwarzman, Andr\u00e9s Ja\u00e9n, V\u00edctor Jim\u00e9nez<br data-start=\"909\" data-end=\"912\" \/><strong data-start=\"912\" data-end=\"958\">Ingenier\u00eda de sonido y producci\u00f3n musical:<\/strong> Pablo Schvarzman<br data-start=\"975\" data-end=\"978\" \/><strong data-start=\"978\" data-end=\"996\">Dise\u00f1o sonoro:<\/strong> Gabriel Cohen<br data-start=\"1010\" data-end=\"1013\" \/><strong data-start=\"1013\" data-end=\"1027\">Colorista:<\/strong> Fabian Matas<br data-start=\"1040\" data-end=\"1043\" \/><strong data-start=\"1043\" data-end=\"1065\">Direcci\u00f3n musical:<\/strong> Albert Costa, Adriano Galante<br data-start=\"1095\" data-end=\"1098\" \/><strong data-start=\"1098\" data-end=\"1117\">Imagen gr\u00e1fica:<\/strong> Imprenta Col\u00b7lectiva de Can Batll\u00f3, Borja Lozano<br data-start=\"1166\" data-end=\"1169\" \/><strong data-start=\"1169\" data-end=\"1178\">Pa\u00eds:<\/strong> Espa\u00f1a<\/p>\n<p>[\/et_pb_text][\/et_pb_column][et_pb_column type=\u00bb1_2&#8243; _builder_version=\u00bb4.27.4&#8243; _module_preset=\u00bbdefault\u00bb global_colors_info=\u00bb{}\u00bb][et_pb_image src=\u00bbhttps:\/\/nocallarem.org\/wp-content\/uploads\/2026\/02\/fotograma-no-callarem-documental.webp\u00bb alt=\u00bbForograma del documental No callarem, un film per la llibertat\u00bb title_text=\u00bbfotograma-no-callarem-documental\u00bb _builder_version=\u00bb4.27.5&#8243; _module_preset=\u00bbdefault\u00bb custom_margin=\u00bb0px||10px||false|false\u00bb global_colors_info=\u00bb{}\u00bb][\/et_pb_image][et_pb_text module_id=\u00bbtexto-foto-home\u00bb _builder_version=\u00bb4.27.4&#8243; _module_preset=\u00bbdefault\u00bb text_text_color=\u00bb#000000&#8243; text_font_size=\u00bb13px\u00bb text_line_height=\u00bb1.3em\u00bb background_enable_color=\u00bboff\u00bb custom_margin=\u00bb0px|0px|0px|0px|false|true\u00bb custom_padding=\u00bb20px|20px|20px|20px|true|true\u00bb custom_css_free_form=\u00bb#texto-foto-home .et_pb_text_inner p a, #texto-foto-home .et_pb_text_inner p a:link,||#texto-foto-home .et_pb_text_inner p a:visited {||  color: #000 !important;||}\u00bb border_width_all=\u00bb1px\u00bb box_shadow_style=\u00bbpreset4&#8243; box_shadow_horizontal=\u00bb5px\u00bb box_shadow_vertical=\u00bb5px\u00bb box_shadow_color=\u00bb#000000&#8243; global_colors_info=\u00bb{}\u00bb]<\/p>\n<div class=\"relative flex-col gap-1 md:gap-3\">\n<div class=\"flex max-w-full flex-col grow\">\n<div class=\"min-h-8 text-message relative flex w-full flex-col items-end gap-2 text-start break-words whitespace-normal [.text-message+&amp;]:mt-5\" dir=\"auto\" data-message-author-role=\"assistant\" data-message-id=\"e5473bdd-859b-4d24-bc2c-c2b421917368\" data-message-model-slug=\"gpt-4o\">\n<div class=\"flex w-full flex-col gap-1 empty:hidden first:pt-[3px]\">\n<div class=\"markdown prose dark:prose-invert w-full break-words dark\">\n<p style=\"text-align: center;\" data-start=\"49\" data-end=\"156\" data-is-last-node=\"\" data-is-only-node=\"\">Fotograma de No callarem, donde aparece Alba Mart\u00ednez, m\u00e1s connocida com Bittah, una de las artistas que participa en el documental.<\/p>\n<\/div>\n<p><\/div>\n<p><\/div>\n<p><\/div>\n<p><\/div>\n<p><\/p>\n<div class=\"aria-live=polite absolute\">\n<div class=\"flex items-center justify-center\">\u00a0<\/div>\n<p><\/div>\n<p>[\/et_pb_text][\/et_pb_column][\/et_pb_row][\/et_pb_section][et_pb_section fb_built=\u00bb1&#8243; _builder_version=\u00bb4.27.4&#8243; _module_preset=\u00bbdefault\u00bb custom_margin=\u00bb0px||0px||true|false\u00bb custom_padding=\u00bb20px||0px||false|false\u00bb global_colors_info=\u00bb{}\u00bb][et_pb_row _builder_version=\u00bb4.27.4&#8243; _module_preset=\u00bbdefault\u00bb custom_margin=\u00bb0px||0px||true|false\u00bb custom_padding=\u00bb0px||0px||true|false\u00bb global_colors_info=\u00bb{}\u00bb][et_pb_column type=\u00bb4_4&#8243; _builder_version=\u00bb4.27.4&#8243; _module_preset=\u00bbdefault\u00bb global_colors_info=\u00bb{}\u00bb][et_pb_text _builder_version=\u00bb4.27.4&#8243; _module_preset=\u00bbdefault\u00bb header_font=\u00bbHind|700|||||||\u00bb header_text_color=\u00bb#000000&#8243; header_line_height=\u00bb1.2em\u00bb custom_margin=\u00bb0px||0px||true|false\u00bb custom_padding=\u00bb0px||0px||true|false\u00bb global_colors_info=\u00bb{}\u00bb]<\/p>\n<h2 style=\"text-align: left;\">Galer\u00eda de im\u00e1genes<\/h2>\n<p>[\/et_pb_text][\/et_pb_column][\/et_pb_row][\/et_pb_section][et_pb_section fb_built=\u00bb1&#8243; _builder_version=\u00bb4.27.4&#8243; _module_preset=\u00bbdefault\u00bb custom_margin=\u00bb0px||0px||true|false\u00bb custom_padding=\u00bb0px||20px||false|false\u00bb global_colors_info=\u00bb{}\u00bb][et_pb_row _builder_version=\u00bb4.27.4&#8243; _module_preset=\u00bbdefault\u00bb custom_margin=\u00bb0px||0px||true|false\u00bb custom_padding=\u00bb0px||0px||true|false\u00bb global_colors_info=\u00bb{}\u00bb][et_pb_column type=\u00bb4_4&#8243; _builder_version=\u00bb4.27.4&#8243; _module_preset=\u00bbdefault\u00bb global_colors_info=\u00bb{}\u00bb][et_pb_text _builder_version=\u00bb4.27.5&#8243; _module_preset=\u00bbdefault\u00bb text_font=\u00bb&#8211;et_global_heading_font||||||||\u00bb custom_padding=\u00bb10px||||false|false\u00bb global_colors_info=\u00bb{}\u00bb]<\/p>\n<p data-start=\"114\" data-end=\"567\">A continuaci\u00f3n, mostramos algunos fotogramas del documental:<\/p>\n<p>[\/et_pb_text][\/et_pb_column][\/et_pb_row][et_pb_row _builder_version=\u00bb4.27.4&#8243; _module_preset=\u00bbdefault\u00bb global_colors_info=\u00bb{}\u00bb][et_pb_column type=\u00bb4_4&#8243; _builder_version=\u00bb4.27.4&#8243; _module_preset=\u00bbdefault\u00bb global_colors_info=\u00bb{}\u00bb][et_pb_gallery gallery_ids=\u00bb2434,2437,2440,2443,2446,2449,2452,2431&#8243; posts_number=\u00bb8&#8243; show_title_and_caption=\u00bboff\u00bb show_pagination=\u00bboff\u00bb _builder_version=\u00bb4.27.5&#8243; _module_preset=\u00bbdefault\u00bb global_colors_info=\u00bb{}\u00bb][\/et_pb_gallery][\/et_pb_column][\/et_pb_row][\/et_pb_section][et_pb_section fb_built=\u00bb1&#8243; _builder_version=\u00bb4.27.4&#8243; _module_preset=\u00bbdefault\u00bb background_enable_color=\u00bboff\u00bb custom_margin=\u00bb0px||0px||true|false\u00bb custom_padding=\u00bb40px||40px||true|false\u00bb border_width_top=\u00bb1px\u00bb border_color_top=\u00bb#000000&#8243; border_width_bottom=\u00bb1px\u00bb border_color_bottom=\u00bb#000000&#8243; global_colors_info=\u00bb{}\u00bb][et_pb_row column_structure=\u00bb1_2,1_2&#8243; _builder_version=\u00bb4.27.4&#8243; _module_preset=\u00bbdefault\u00bb custom_margin=\u00bb0px||0px||true|false\u00bb custom_padding=\u00bb0px||0px||true|false\u00bb global_colors_info=\u00bb{}\u00bb][et_pb_column type=\u00bb1_2&#8243; _builder_version=\u00bb4.27.4&#8243; _module_preset=\u00bbdefault\u00bb global_colors_info=\u00bb{}\u00bb][et_pb_text _builder_version=\u00bb4.27.4&#8243; _module_preset=\u00bbdefault\u00bb header_font=\u00bb&#8211;et_global_heading_font|700|||||||\u00bb header_text_color=\u00bb#000000&#8243; header_font_size=\u00bb56px\u00bb header_2_font=\u00bbHind|700|||||||\u00bb header_2_text_color=\u00bb#000000&#8243; header_2_font_size=\u00bb50px\u00bb custom_margin=\u00bb0px||0px||false|false\u00bb custom_padding=\u00bb0px||0px||false|false\u00bb global_colors_info=\u00bb{}\u00bb]<\/p>\n<h2 style=\"text-align: left;\">Suscr\u00edbete a nuestro bolet\u00edn<\/h2>\n<p>[\/et_pb_text][et_pb_text _builder_version=\u00bb4.27.4&#8243; _module_preset=\u00bbdefault\u00bb global_colors_info=\u00bb{}\u00bb]<\/p>\n<div class=\"relative flex-col gap-1 md:gap-3\">\n<div class=\"flex max-w-full flex-col grow\">\n<div class=\"min-h-8 text-message relative flex w-full flex-col items-end gap-2 text-start break-words whitespace-normal [.text-message+&amp;]:mt-5\" dir=\"auto\" data-message-author-role=\"assistant\" data-message-id=\"58061326-2073-4660-87df-003c01dbc7b8\" data-message-model-slug=\"gpt-4o\">\n<div class=\"flex w-full flex-col gap-1 empty:hidden first:pt-[3px]\">\n<div class=\"markdown prose dark:prose-invert w-full break-words dark\">\n<p data-start=\"52\" data-end=\"249\" data-is-last-node=\"\" data-is-only-node=\"\">Te mantendremos al d\u00eda de todas las actividades, proyectos y eventos en los que participemos. Adem\u00e1s, as\u00ed nos podr\u00e1s ayudar a darle mayor visibilidad a nuestras convocatorias. \u00a1Muchas gracias!<\/p>\n<\/div>\n<p><\/div>\n<p><\/div>\n<p><\/div>\n<p><\/div>\n<p>[\/et_pb_text][\/et_pb_column][et_pb_column type=\u00bb1_2&#8243; _builder_version=\u00bb4.27.4&#8243; _module_preset=\u00bbdefault\u00bb global_colors_info=\u00bb{}\u00bb][et_pb_text module_id=\u00bbform-boletin\u00bb _builder_version=\u00bb4.27.4&#8243; _module_preset=\u00bbdefault\u00bb text_font=\u00bb||||||||\u00bb text_text_color=\u00bb#000000&#8243; text_font_size=\u00bb16px\u00bb custom_css_free_form=\u00bb#form-boletin {||  color:#000 !important;||}||#form-boletin .wpcf7-text {||  width: 100%;||  font-size: 16px;||  color: #000;||  background-color: #FFF;||  border-top-color: #FFF;||  border-left-color: #FFF;||  border-right-color: #FFF;||  border-bottom-color: #000;||}||#form-boletin .wpcf7-textarea {||  width: 100%;||  font-size: 16px;||  color: #000;||  max-height: 4em;||  background-color: #FFF;||  border-top-color: #FFF;||  border-left-color: #FFF;||  border-right-color: #FFF;||  border-bottom-color: #000;||}||#form-boletin label {||  padding-top: 40px !important;||  color: #000;||  font-size: 16px;||}||#form-boletin .wpcf7-list-item {||  margin: 0px !important;||}||#form-boletin .wpcf7-list-item span {||  font-size: 12px;||}||||#form-boletin .wpcf7-submit {||  margin-top: 20px;||  padding: 10px 20px !important;||  border: 1px solid #000;||  font-size: 14px;||  text-transform: uppercase;||  background-color: #FFF;||  cursor: pointer;||}\u00bb global_colors_info=\u00bb{}\u00bb]<\/p>\n\n<div class=\"wpcf7 no-js\" id=\"wpcf7-f225-o1\" lang=\"es-ES\" dir=\"ltr\" data-wpcf7-id=\"225\">\n<div class=\"screen-reader-response\"><p role=\"status\" aria-live=\"polite\" aria-atomic=\"true\"><\/p> <ul><\/ul><\/div>\n<form action=\"\/es\/wp-json\/wp\/v2\/pages\/2455#wpcf7-f225-o1\" method=\"post\" class=\"wpcf7-form init\" aria-label=\"Formulario de contacto\" novalidate=\"novalidate\" data-status=\"init\">\n<fieldset class=\"hidden-fields-container\"><input type=\"hidden\" name=\"_wpcf7\" value=\"225\" \/><input type=\"hidden\" name=\"_wpcf7_version\" value=\"6.1.5\" \/><input type=\"hidden\" name=\"_wpcf7_locale\" value=\"es_ES\" \/><input type=\"hidden\" name=\"_wpcf7_unit_tag\" value=\"wpcf7-f225-o1\" \/><input type=\"hidden\" name=\"_wpcf7_container_post\" value=\"0\" \/><input type=\"hidden\" name=\"_wpcf7_posted_data_hash\" value=\"\" \/><input type=\"hidden\" name=\"_wpcf7_recaptcha_response\" value=\"\" \/>\n<\/fieldset>\n<p><label> Nombre:<br \/>\n<span class=\"wpcf7-form-control-wrap\" data-name=\"your-name\"><input size=\"40\" maxlength=\"400\" class=\"wpcf7-form-control wpcf7-text wpcf7-validates-as-required\" autocomplete=\"name\" aria-required=\"true\" aria-invalid=\"false\" value=\"\" type=\"text\" name=\"your-name\" \/><\/span> <\/label>\n<\/p>\n<p><label> Correo electr\u00f3nico:<br \/>\n<span class=\"wpcf7-form-control-wrap\" data-name=\"your-email\"><input size=\"40\" maxlength=\"400\" class=\"wpcf7-form-control wpcf7-email wpcf7-validates-as-required wpcf7-text wpcf7-validates-as-email\" autocomplete=\"email\" aria-required=\"true\" aria-invalid=\"false\" value=\"\" type=\"email\" name=\"your-email\" \/><\/span> <\/label>\n<\/p>\n<p><span class=\"wpcf7-form-control-wrap\" data-name=\"acceptance-136\"><span class=\"wpcf7-form-control wpcf7-acceptance\"><span class=\"wpcf7-list-item\"><label><input type=\"checkbox\" name=\"acceptance-136\" value=\"1\" aria-invalid=\"false\" \/><span class=\"wpcf7-list-item-label\">Enviando este formulario aceptas la <a href=\"https:\/\/nocallarem.org\/es\/politica-de-privacidad\/\" target=\"_blank\">pol\u00edtica de privacidad<\/a> de este sitio web.<\/span><\/label><\/span><\/span><\/span>\n<\/p>\n<p><input class=\"wpcf7-form-control wpcf7-submit has-spinner\" type=\"submit\" value=\"Enviar\" \/>\n<\/p><div class=\"wpcf7-response-output\" aria-hidden=\"true\"><\/div>\n<\/form>\n<\/div>\n\n<p>[\/et_pb_text][\/et_pb_column][\/et_pb_row][\/et_pb_section][et_pb_section fb_built=\u00bb1&#8243; _builder_version=\u00bb4.27.4&#8243; _module_preset=\u00bbdefault\u00bb border_width_bottom=\u00bb1px\u00bb border_color_bottom=\u00bb#000000&#8243; global_colors_info=\u00bb{}\u00bb][et_pb_row _builder_version=\u00bb4.27.4&#8243; _module_preset=\u00bbdefault\u00bb custom_margin=\u00bb0px||0px||true|false\u00bb custom_padding=\u00bb0px||0px||true|false\u00bb global_colors_info=\u00bb{}\u00bb][et_pb_column type=\u00bb4_4&#8243; _builder_version=\u00bb4.27.4&#8243; _module_preset=\u00bbdefault\u00bb global_colors_info=\u00bb{}\u00bb][et_pb_text _builder_version=\u00bb4.27.4&#8243; _module_preset=\u00bbdefault\u00bb header_font=\u00bb&#8211;et_global_heading_font|700|||||||\u00bb header_text_color=\u00bb#000000&#8243; header_font_size=\u00bb56px\u00bb header_2_font=\u00bbHind|700|||||||\u00bb header_2_text_color=\u00bb#000000&#8243; header_2_font_size=\u00bb50px\u00bb custom_margin=\u00bb0px||0px||false|false\u00bb custom_padding=\u00bb0px||20px||false|false\u00bb global_colors_info=\u00bb{}\u00bb]<\/p>\n<div class=\"relative flex-col gap-1 md:gap-3\">\n<div class=\"flex max-w-full flex-col grow\">\n<div class=\"min-h-8 text-message relative flex w-full flex-col items-end gap-2 text-start break-words whitespace-normal [.text-message+&amp;]:mt-5\" dir=\"auto\" data-message-author-role=\"assistant\" data-message-id=\"4bde5a3f-f213-43a3-a39e-22ca13eab449\" data-message-model-slug=\"gpt-4o\">\n<div class=\"flex w-full flex-col gap-1 empty:hidden first:pt-[3px]\">\n<div class=\"markdown prose dark:prose-invert w-full break-words dark\">\n<p data-start=\"53\" data-end=\"174\" data-is-last-node=\"\" data-is-only-node=\"\">Esta plataforma trabaja en red con numerosas entidades y organizaciones que nos ayudan en nuestra labor.<\/p>\n<\/div>\n<p><\/div>\n<p><\/div>\n<p><\/div>\n<p><\/div>\n<p>[\/et_pb_text][et_pb_text _builder_version=\u00bb4.27.4&#8243; _module_preset=\u00bbdefault\u00bb header_font=\u00bb&#8211;et_global_heading_font|700|||||||\u00bb header_text_color=\u00bb#000000&#8243; header_font_size=\u00bb56px\u00bb header_2_font=\u00bbHind|700|||||||\u00bb header_2_text_color=\u00bb#000000&#8243; header_2_font_size=\u00bb50px\u00bb custom_margin=\u00bb0px||0px||false|false\u00bb custom_padding=\u00bb0px||20px||false|false\u00bb global_colors_info=\u00bb{}\u00bb]<\/p>\n<p style=\"text-align: left;\">Con el apoyo de:<\/p>\n<p>[\/et_pb_text][\/et_pb_column][\/et_pb_row][et_pb_row column_structure=\u00bb1_4,1_4,1_4,1_4&#8243; _builder_version=\u00bb4.27.4&#8243; _module_preset=\u00bbdefault\u00bb custom_margin=\u00bb0px||0px||true|false\u00bb custom_padding=\u00bb0px||0px||true|false\u00bb global_colors_info=\u00bb{}\u00bb][et_pb_column type=\u00bb1_4&#8243; _builder_version=\u00bb4.27.4&#8243; _module_preset=\u00bbdefault\u00bb global_colors_info=\u00bb{}\u00bb][et_pb_image src=\u00bbhttps:\/\/nocallarem.org\/wp-content\/uploads\/2025\/01\/logo-ministerio-cultura.png\u00bb title_text=\u00bblogo-ministerio-cultura\u00bb url=\u00bbhttps:\/\/www.cultura.gob.es\/portada.html\u00bb url_new_window=\u00bbon\u00bb _builder_version=\u00bb4.27.4&#8243; _module_preset=\u00bbdefault\u00bb global_colors_info=\u00bb{}\u00bb][\/et_pb_image][\/et_pb_column][et_pb_column type=\u00bb1_4&#8243; _builder_version=\u00bb4.27.4&#8243; _module_preset=\u00bbdefault\u00bb global_colors_info=\u00bb{}\u00bb][et_pb_image src=\u00bbhttps:\/\/nocallarem.org\/wp-content\/uploads\/2025\/01\/logo-generalitat-igualtat.png\u00bb title_text=\u00bblogo-generalitat-igualtat\u00bb url=\u00bbhttps:\/\/igualtat.gencat.cat\/ca\/inici\u00bb url_new_window=\u00bbon\u00bb _builder_version=\u00bb4.27.4&#8243; _module_preset=\u00bbdefault\u00bb global_colors_info=\u00bb{}\u00bb][\/et_pb_image][\/et_pb_column][et_pb_column type=\u00bb1_4&#8243; _builder_version=\u00bb4.27.4&#8243; _module_preset=\u00bbdefault\u00bb global_colors_info=\u00bb{}\u00bb][et_pb_image src=\u00bbhttps:\/\/nocallarem.org\/wp-content\/uploads\/2025\/02\/logo-icub.png\u00bb title_text=\u00bblogo-icub\u00bb url=\u00bbhttps:\/\/www.barcelona.cat\u00bb url_new_window=\u00bbon\u00bb _builder_version=\u00bb4.27.4&#8243; _module_preset=\u00bbdefault\u00bb global_colors_info=\u00bb{}\u00bb][\/et_pb_image][\/et_pb_column][et_pb_column type=\u00bb1_4&#8243; _builder_version=\u00bb4.27.4&#8243; _module_preset=\u00bbdefault\u00bb global_colors_info=\u00bb{}\u00bb][et_pb_image src=\u00bbhttps:\/\/nocallarem.org\/wp-content\/uploads\/2025\/02\/diba-logo-opt.png\u00bb title_text=\u00bbdiba-logo-opt\u00bb url=\u00bbhttps:\/\/www.diba.cat\/es\/web\/cultura\u00bb url_new_window=\u00bbon\u00bb _builder_version=\u00bb4.27.4&#8243; _module_preset=\u00bbdefault\u00bb global_colors_info=\u00bb{}\u00bb][\/et_pb_image][\/et_pb_column][\/et_pb_row][\/et_pb_section][et_pb_section fb_built=\u00bb1&#8243; _builder_version=\u00bb4.27.4&#8243; _module_preset=\u00bbdefault\u00bb border_width_bottom=\u00bb1px\u00bb border_color_bottom=\u00bb#000000&#8243; global_colors_info=\u00bb{}\u00bb][et_pb_row module_class=\u00bbkit-digital\u00bb _builder_version=\u00bb4.27.4&#8243; _module_preset=\u00bbdefault\u00bb custom_margin=\u00bb0px||0px||true|false\u00bb custom_padding=\u00bb0px||0px||true|false\u00bb global_colors_info=\u00bb{}\u00bb][et_pb_column type=\u00bb4_4&#8243; module_class=\u00bbkit-digital\u00bb _builder_version=\u00bb4.27.4&#8243; _module_preset=\u00bbdefault\u00bb global_colors_info=\u00bb{}\u00bb][et_pb_image src=\u00bbhttps:\/\/nocallarem.org\/wp-content\/uploads\/2025\/07\/logos-subvencion-1.webp\u00bb title_text=\u00bblogos-ministerio-movil\u00bb url=\u00bbhttps:\/\/www.cultura.gob.es\/portada.html\u00bb url_new_window=\u00bbon\u00bb src_tablet=\u00bb\u00bb src_phone=\u00bbhttps:\/\/nocallarem.org\/wp-content\/uploads\/2025\/07\/logos-ministerio-movil.webp\u00bb src_last_edited=\u00bbon|phone\u00bb _builder_version=\u00bb4.27.4&#8243; _module_preset=\u00bbdefault\u00bb global_colors_info=\u00bb{}\u00bb][\/et_pb_image][\/et_pb_column][\/et_pb_row][\/et_pb_section]<\/p>\n","protected":false},"excerpt":{"rendered":"<p>No callarem, un documental por la libertadNo callarem es un documental que se centra en la historia de tres j\u00f3venes m\u00fasicos que han sido las caras visibles de la persecuci\u00f3n de la libertad de expresi\u00f3n en el contexto art\u00edstico en el Estado espa\u00f1ol.Las letras de Pablo Has\u00e9l, Valt\u00f2nyc y Elgio no solo fueron condenadas por [&hellip;]<\/p>\n","protected":false},"author":1,"featured_media":0,"parent":0,"menu_order":0,"comment_status":"closed","ping_status":"closed","template":"","meta":{"_acf_changed":false,"_et_pb_use_builder":"on","_et_pb_old_content":"","_et_gb_content_width":"","inline_featured_image":false,"footnotes":""},"class_list":["post-2455","page","type-page","status-publish","hentry"],"acf":[],"yoast_head":"<!-- This site is optimized with the Yoast SEO plugin v26.9 - https:\/\/yoast.com\/product\/yoast-seo-wordpress\/ -->\n<title>No callarem, un documental por la libertad | NO CALLAREM<\/title>\n<meta name=\"description\" content=\"Producci\u00f3n del documental No callarem, un film por la libertad donde se narra la persecuci\u00f3n que sufrieron Pablo Has\u00e9l, Valt\u00f2nyc y Elgio.\" \/>\n<meta name=\"robots\" content=\"index, follow, max-snippet:-1, max-image-preview:large, max-video-preview:-1\" \/>\n<link rel=\"canonical\" href=\"https:\/\/nocallarem.org\/documental-no-callarem\/\" \/>\n<meta property=\"og:locale\" content=\"es_ES\" \/>\n<meta property=\"og:type\" content=\"article\" \/>\n<meta property=\"og:title\" content=\"No callarem, un documental por la libertad | NO CALLAREM\" \/>\n<meta property=\"og:description\" content=\"Producci\u00f3n del documental No callarem, un film por la libertad donde se narra la persecuci\u00f3n que sufrieron Pablo Has\u00e9l, Valt\u00f2nyc y Elgio.\" \/>\n<meta property=\"og:url\" content=\"https:\/\/nocallarem.org\/documental-no-callarem\/\" \/>\n<meta property=\"og:site_name\" content=\"No Callarem\" \/>\n<meta property=\"article:modified_time\" content=\"2026-02-16T14:33:10+00:00\" \/>\n<meta name=\"twitter:card\" content=\"summary_large_image\" \/>\n<meta name=\"twitter:label1\" content=\"Tiempo de lectura\" \/>\n\t<meta name=\"twitter:data1\" content=\"8 minutos\" \/>\n<script type=\"application\/ld+json\" class=\"yoast-schema-graph\">{\"@context\":\"https:\/\/schema.org\",\"@graph\":[{\"@type\":\"WebPage\",\"@id\":\"https:\/\/nocallarem.org\/documental-no-callarem\/\",\"url\":\"https:\/\/nocallarem.org\/documental-no-callarem\/\",\"name\":\"No callarem, un documental por la libertad | NO CALLAREM\",\"isPartOf\":{\"@id\":\"https:\/\/nocallarem.org\/#website\"},\"datePublished\":\"2026-02-16T13:16:02+00:00\",\"dateModified\":\"2026-02-16T14:33:10+00:00\",\"description\":\"Producci\u00f3n del documental No callarem, un film por la libertad donde se narra la persecuci\u00f3n que sufrieron Pablo Has\u00e9l, Valt\u00f2nyc y Elgio.\",\"breadcrumb\":{\"@id\":\"https:\/\/nocallarem.org\/documental-no-callarem\/#breadcrumb\"},\"inLanguage\":\"es\",\"potentialAction\":[{\"@type\":\"ReadAction\",\"target\":[\"https:\/\/nocallarem.org\/documental-no-callarem\/\"]}]},{\"@type\":\"BreadcrumbList\",\"@id\":\"https:\/\/nocallarem.org\/documental-no-callarem\/#breadcrumb\",\"itemListElement\":[{\"@type\":\"ListItem\",\"position\":1,\"name\":\"Home\",\"item\":\"https:\/\/nocallarem.org\/es\/\"},{\"@type\":\"ListItem\",\"position\":2,\"name\":\"Documental NO CALLAREM\"}]},{\"@type\":\"WebSite\",\"@id\":\"https:\/\/nocallarem.org\/#website\",\"url\":\"https:\/\/nocallarem.org\/\",\"name\":\"No Callarem\",\"description\":\"Plataforma en defensa del derecho a la libertad de expresi\u00f3n\",\"potentialAction\":[{\"@type\":\"SearchAction\",\"target\":{\"@type\":\"EntryPoint\",\"urlTemplate\":\"https:\/\/nocallarem.org\/?s={search_term_string}\"},\"query-input\":{\"@type\":\"PropertyValueSpecification\",\"valueRequired\":true,\"valueName\":\"search_term_string\"}}],\"inLanguage\":\"es\"}]}<\/script>\n<!-- \/ Yoast SEO plugin. -->","yoast_head_json":{"title":"No callarem, un documental por la libertad | NO CALLAREM","description":"Producci\u00f3n del documental No callarem, un film por la libertad donde se narra la persecuci\u00f3n que sufrieron Pablo Has\u00e9l, Valt\u00f2nyc y Elgio.","robots":{"index":"index","follow":"follow","max-snippet":"max-snippet:-1","max-image-preview":"max-image-preview:large","max-video-preview":"max-video-preview:-1"},"canonical":"https:\/\/nocallarem.org\/documental-no-callarem\/","og_locale":"es_ES","og_type":"article","og_title":"No callarem, un documental por la libertad | NO CALLAREM","og_description":"Producci\u00f3n del documental No callarem, un film por la libertad donde se narra la persecuci\u00f3n que sufrieron Pablo Has\u00e9l, Valt\u00f2nyc y Elgio.","og_url":"https:\/\/nocallarem.org\/documental-no-callarem\/","og_site_name":"No Callarem","article_modified_time":"2026-02-16T14:33:10+00:00","twitter_card":"summary_large_image","twitter_misc":{"Tiempo de lectura":"8 minutos"},"schema":{"@context":"https:\/\/schema.org","@graph":[{"@type":"WebPage","@id":"https:\/\/nocallarem.org\/documental-no-callarem\/","url":"https:\/\/nocallarem.org\/documental-no-callarem\/","name":"No callarem, un documental por la libertad | NO CALLAREM","isPartOf":{"@id":"https:\/\/nocallarem.org\/#website"},"datePublished":"2026-02-16T13:16:02+00:00","dateModified":"2026-02-16T14:33:10+00:00","description":"Producci\u00f3n del documental No callarem, un film por la libertad donde se narra la persecuci\u00f3n que sufrieron Pablo Has\u00e9l, Valt\u00f2nyc y Elgio.","breadcrumb":{"@id":"https:\/\/nocallarem.org\/documental-no-callarem\/#breadcrumb"},"inLanguage":"es","potentialAction":[{"@type":"ReadAction","target":["https:\/\/nocallarem.org\/documental-no-callarem\/"]}]},{"@type":"BreadcrumbList","@id":"https:\/\/nocallarem.org\/documental-no-callarem\/#breadcrumb","itemListElement":[{"@type":"ListItem","position":1,"name":"Home","item":"https:\/\/nocallarem.org\/es\/"},{"@type":"ListItem","position":2,"name":"Documental NO CALLAREM"}]},{"@type":"WebSite","@id":"https:\/\/nocallarem.org\/#website","url":"https:\/\/nocallarem.org\/","name":"No Callarem","description":"Plataforma en defensa del derecho a la libertad de expresi\u00f3n","potentialAction":[{"@type":"SearchAction","target":{"@type":"EntryPoint","urlTemplate":"https:\/\/nocallarem.org\/?s={search_term_string}"},"query-input":{"@type":"PropertyValueSpecification","valueRequired":true,"valueName":"search_term_string"}}],"inLanguage":"es"}]}},"_links":{"self":[{"href":"https:\/\/nocallarem.org\/es\/wp-json\/wp\/v2\/pages\/2455","targetHints":{"allow":["GET"]}}],"collection":[{"href":"https:\/\/nocallarem.org\/es\/wp-json\/wp\/v2\/pages"}],"about":[{"href":"https:\/\/nocallarem.org\/es\/wp-json\/wp\/v2\/types\/page"}],"author":[{"embeddable":true,"href":"https:\/\/nocallarem.org\/es\/wp-json\/wp\/v2\/users\/1"}],"replies":[{"embeddable":true,"href":"https:\/\/nocallarem.org\/es\/wp-json\/wp\/v2\/comments?post=2455"}],"version-history":[{"count":10,"href":"https:\/\/nocallarem.org\/es\/wp-json\/wp\/v2\/pages\/2455\/revisions"}],"predecessor-version":[{"id":2481,"href":"https:\/\/nocallarem.org\/es\/wp-json\/wp\/v2\/pages\/2455\/revisions\/2481"}],"wp:attachment":[{"href":"https:\/\/nocallarem.org\/es\/wp-json\/wp\/v2\/media?parent=2455"}],"curies":[{"name":"wp","href":"https:\/\/api.w.org\/{rel}","templated":true}]}}